{"id":969,"date":"2019-07-16T12:30:48","date_gmt":"2019-07-16T10:30:48","guid":{"rendered":"http:\/\/equitherapie-bourgogne.fr\/?post_type=tribe_events&#038;p=969"},"modified":"2019-07-16T12:30:48","modified_gmt":"2019-07-16T10:30:48","slug":"recital-fantasque-mundo-raro","status":"publish","type":"tribe_events","link":"https:\/\/equitherapie-bourgogne.fr\/index.php\/agenda\/recital-fantasque-mundo-raro\/","title":{"rendered":"R\u00e9cital Fantasque \u00ab\u00a0Un Mundo Raro\u00a0\u00bb"},"content":{"rendered":"<p>Un<strong> r\u00e9cital r\u00eav\u00e9, chant\u00e9 et dans\u00e9 qui vous emm\u00e8ne en toute libert\u00e9<\/strong>, d\u2019un style \u00e0 un autre, dans un monde \u00e9trange, ni tout \u00e0 fait grave, ni tout \u00e0 fait dr\u00f4le, o\u00f9 tous les voyages sont permis, pourvu qu\u2019ils soient entrepris par amour.<\/p>\n<p>Ici,<strong> la chanteuse lyrique fait l\u2019\u00e9cole buissonni\u00e8re<\/strong> : r\u00e9pertoire populaire, m\u00e9lodies s\u00e9farades, chanson mexicaine, cabaret berlinois, chanson fran\u00e7aise&#8230; tour \u00e0 tour baroque ou lyrique, passionaria espagnole, madonne aust\u00e8re ou chanteuse de blues, quand la guitare se fait \u00e9lectrique ! Avec la<strong> complicit\u00e9 de la guitare<\/strong>, elle s\u2019amuse \u00e0 brouiller les cartes de fa\u00e7on troublante entre le r\u00e9pertoire lyrique et le r\u00e9pertoire traditionnel, populaire ou rock.<img loading=\"lazy\" decoding=\"async\" class=\"alignnone size-full wp-image-972\" src=\"http:\/\/equitherapie-bourgogne.fr\/wp-content\/uploads\/2019\/07\/mundo-raro-lignt.jpg\" alt=\"mundo raro lignt\" width=\"843\" height=\"1181\" data-id=\"972\" srcset=\"https:\/\/equitherapie-bourgogne.fr\/wp-content\/uploads\/2019\/07\/mundo-raro-lignt.jpg 843w, https:\/\/equitherapie-bourgogne.fr\/wp-content\/uploads\/2019\/07\/mundo-raro-lignt-428x600.jpg 428w, https:\/\/equitherapie-bourgogne.fr\/wp-content\/uploads\/2019\/07\/mundo-raro-lignt-768x1076.jpg 768w, https:\/\/equitherapie-bourgogne.fr\/wp-content\/uploads\/2019\/07\/mundo-raro-lignt-371x520.jpg 371w\" sizes=\"auto, (max-width: 843px) 100vw, 843px\" \/><\/p>\n<p>Si vous avez aim\u00e9 \u00ab\u00a0Vox Populi\u00a0\u00bb&#8230; o\u00f9 si vous regrettez de l&rsquo;avoir loup\u00e9&#8230; Nous vous proposons une session de rattrapage musicale!!<\/p>\n<p>Venez nombreux et faites passer l&rsquo;info!<\/p>\n<p>&nbsp;<\/p>\n","protected":false},"excerpt":{"rendered":"<p>Un r\u00e9cital r\u00eav\u00e9, chant\u00e9 et dans\u00e9 qui vous emm\u00e8ne en toute libert\u00e9, d\u2019un style \u00e0 un autre, dans un monde \u00e9trange, ni tout \u00e0 fait grave, ni tout \u00e0 fait dr\u00f4le, o\u00f9 tous les voyages sont permis, pourvu qu\u2019ils soient&#8230;<br \/><a class=\"read-more-button\" href=\"https:\/\/equitherapie-bourgogne.fr\/index.php\/agenda\/recital-fantasque-mundo-raro\/\">Savoir plus<\/a><\/p>\n","protected":false},"author":1,"featured_media":972,"comment_status":"open","ping_status":"closed","template":"","meta":{"_tribe_events_status":"","_tribe_events_status_reason":"","footnotes":""},"tags":[],"tribe_events_cat":[],"class_list":["post-969","tribe_events","type-tribe_events","status-publish","has-post-thumbnail","hentry"],"yoast_head":"<!-- This site is optimized with the Yoast SEO plugin v24.7 - https:\/\/yoast.com\/wordpress\/plugins\/seo\/ -->\n<title>R\u00e9cital Fantasque &quot;Un Mundo Raro&quot; - A Cheval sur Soi<\/title>\n<meta name=\"robots\" content=\"index, follow, max-snippet:-1, max-image-preview:large, max-video-preview:-1\" \/>\n<link rel=\"canonical\" href=\"https:\/\/equitherapie-bourgogne.fr\/index.php\/agenda\/recital-fantasque-mundo-raro\/\" \/>\n<meta property=\"og:locale\" content=\"fr_FR\" \/>\n<meta property=\"og:type\" content=\"article\" \/>\n<meta property=\"og:title\" content=\"R\u00e9cital Fantasque &quot;Un Mundo Raro&quot; - A Cheval sur Soi\" \/>\n<meta property=\"og:description\" content=\"Un r\u00e9cital r\u00eav\u00e9, chant\u00e9 et dans\u00e9 qui vous emm\u00e8ne en toute libert\u00e9, d\u2019un style \u00e0 un autre, dans un monde \u00e9trange, ni tout \u00e0 fait grave, ni tout \u00e0 fait dr\u00f4le, o\u00f9 tous les voyages sont permis, pourvu qu\u2019ils soient...Savoir plus\" \/>\n<meta property=\"og:url\" content=\"https:\/\/equitherapie-bourgogne.fr\/index.php\/agenda\/recital-fantasque-mundo-raro\/\" \/>\n<meta property=\"og:site_name\" content=\"A Cheval sur Soi\" \/>\n<meta property=\"og:image\" content=\"https:\/\/equitherapie-bourgogne.fr\/wp-content\/uploads\/2019\/07\/mundo-raro-lignt.jpg\" \/>\n\t<meta property=\"og:image:width\" content=\"843\" \/>\n\t<meta property=\"og:image:height\" content=\"1181\" \/>\n\t<meta property=\"og:image:type\" content=\"image\/jpeg\" \/>\n<meta name=\"twitter:card\" content=\"summary_large_image\" \/>\n<meta name=\"twitter:label1\" content=\"Dur\u00e9e de lecture estim\u00e9e\" \/>\n\t<meta name=\"twitter:data1\" content=\"1 minute\" \/>\n<script type=\"application\/ld+json\" class=\"yoast-schema-graph\">{\"@context\":\"https:\/\/schema.org\",\"@graph\":[{\"@type\":\"WebPage\",\"@id\":\"https:\/\/equitherapie-bourgogne.fr\/index.php\/agenda\/recital-fantasque-mundo-raro\/\",\"url\":\"https:\/\/equitherapie-bourgogne.fr\/index.php\/agenda\/recital-fantasque-mundo-raro\/\",\"name\":\"R\u00e9cital Fantasque \\\"Un Mundo Raro\\\" - A Cheval sur Soi\",\"isPartOf\":{\"@id\":\"https:\/\/equitherapie-bourgogne.fr\/#website\"},\"primaryImageOfPage\":{\"@id\":\"https:\/\/equitherapie-bourgogne.fr\/index.php\/agenda\/recital-fantasque-mundo-raro\/#primaryimage\"},\"image\":{\"@id\":\"https:\/\/equitherapie-bourgogne.fr\/index.php\/agenda\/recital-fantasque-mundo-raro\/#primaryimage\"},\"thumbnailUrl\":\"https:\/\/equitherapie-bourgogne.fr\/wp-content\/uploads\/2019\/07\/mundo-raro-lignt.jpg\",\"datePublished\":\"2019-07-16T10:30:48+00:00\",\"breadcrumb\":{\"@id\":\"https:\/\/equitherapie-bourgogne.fr\/index.php\/agenda\/recital-fantasque-mundo-raro\/#breadcrumb\"},\"inLanguage\":\"fr-FR\",\"potentialAction\":[{\"@type\":\"ReadAction\",\"target\":[\"https:\/\/equitherapie-bourgogne.fr\/index.php\/agenda\/recital-fantasque-mundo-raro\/\"]}]},{\"@type\":\"ImageObject\",\"inLanguage\":\"fr-FR\",\"@id\":\"https:\/\/equitherapie-bourgogne.fr\/index.php\/agenda\/recital-fantasque-mundo-raro\/#primaryimage\",\"url\":\"https:\/\/equitherapie-bourgogne.fr\/wp-content\/uploads\/2019\/07\/mundo-raro-lignt.jpg\",\"contentUrl\":\"https:\/\/equitherapie-bourgogne.fr\/wp-content\/uploads\/2019\/07\/mundo-raro-lignt.jpg\",\"width\":843,\"height\":1181},{\"@type\":\"BreadcrumbList\",\"@id\":\"https:\/\/equitherapie-bourgogne.fr\/index.php\/agenda\/recital-fantasque-mundo-raro\/#breadcrumb\",\"itemListElement\":[{\"@type\":\"ListItem\",\"position\":1,\"name\":\"Accueil\",\"item\":\"https:\/\/equitherapie-bourgogne.fr\/\"},{\"@type\":\"ListItem\",\"position\":2,\"name\":\"\u00c9v\u00e8nements\",\"item\":\"https:\/\/equitherapie-bourgogne.fr\/index.php\/agenda\/\"},{\"@type\":\"ListItem\",\"position\":3,\"name\":\"R\u00e9cital Fantasque \u00ab\u00a0Un Mundo Raro\u00a0\u00bb\"}]},{\"@type\":\"WebSite\",\"@id\":\"https:\/\/equitherapie-bourgogne.fr\/#website\",\"url\":\"https:\/\/equitherapie-bourgogne.fr\/\",\"name\":\"A Cheval sur Soi\",\"description\":\"CENTRE \u00c9QUESTRE TRANSDISCIPLINAIRE\",\"potentialAction\":[{\"@type\":\"SearchAction\",\"target\":{\"@type\":\"EntryPoint\",\"urlTemplate\":\"https:\/\/equitherapie-bourgogne.fr\/?s={search_term_string}\"},\"query-input\":{\"@type\":\"PropertyValueSpecification\",\"valueRequired\":true,\"valueName\":\"search_term_string\"}}],\"inLanguage\":\"fr-FR\"}]}<\/script>\n<!-- \/ Yoast SEO plugin. -->","yoast_head_json":{"title":"R\u00e9cital Fantasque \"Un Mundo Raro\" - A Cheval sur Soi","robots":{"index":"index","follow":"follow","max-snippet":"max-snippet:-1","max-image-preview":"max-image-preview:large","max-video-preview":"max-video-preview:-1"},"canonical":"https:\/\/equitherapie-bourgogne.fr\/index.php\/agenda\/recital-fantasque-mundo-raro\/","og_locale":"fr_FR","og_type":"article","og_title":"R\u00e9cital Fantasque \"Un Mundo Raro\" - A Cheval sur Soi","og_description":"Un r\u00e9cital r\u00eav\u00e9, chant\u00e9 et dans\u00e9 qui vous emm\u00e8ne en toute libert\u00e9, d\u2019un style \u00e0 un autre, dans un monde \u00e9trange, ni tout \u00e0 fait grave, ni tout \u00e0 fait dr\u00f4le, o\u00f9 tous les voyages sont permis, pourvu qu\u2019ils soient...Savoir plus","og_url":"https:\/\/equitherapie-bourgogne.fr\/index.php\/agenda\/recital-fantasque-mundo-raro\/","og_site_name":"A Cheval sur Soi","og_image":[{"width":843,"height":1181,"url":"https:\/\/equitherapie-bourgogne.fr\/wp-content\/uploads\/2019\/07\/mundo-raro-lignt.jpg","type":"image\/jpeg"}],"twitter_card":"summary_large_image","twitter_misc":{"Dur\u00e9e de lecture estim\u00e9e":"1 minute"},"schema":{"@context":"https:\/\/schema.org","@graph":[{"@type":"WebPage","@id":"https:\/\/equitherapie-bourgogne.fr\/index.php\/agenda\/recital-fantasque-mundo-raro\/","url":"https:\/\/equitherapie-bourgogne.fr\/index.php\/agenda\/recital-fantasque-mundo-raro\/","name":"R\u00e9cital Fantasque \"Un Mundo Raro\" - A Cheval sur Soi","isPartOf":{"@id":"https:\/\/equitherapie-bourgogne.fr\/#website"},"primaryImageOfPage":{"@id":"https:\/\/equitherapie-bourgogne.fr\/index.php\/agenda\/recital-fantasque-mundo-raro\/#primaryimage"},"image":{"@id":"https:\/\/equitherapie-bourgogne.fr\/index.php\/agenda\/recital-fantasque-mundo-raro\/#primaryimage"},"thumbnailUrl":"https:\/\/equitherapie-bourgogne.fr\/wp-content\/uploads\/2019\/07\/mundo-raro-lignt.jpg","datePublished":"2019-07-16T10:30:48+00:00","breadcrumb":{"@id":"https:\/\/equitherapie-bourgogne.fr\/index.php\/agenda\/recital-fantasque-mundo-raro\/#breadcrumb"},"inLanguage":"fr-FR","potentialAction":[{"@type":"ReadAction","target":["https:\/\/equitherapie-bourgogne.fr\/index.php\/agenda\/recital-fantasque-mundo-raro\/"]}]},{"@type":"ImageObject","inLanguage":"fr-FR","@id":"https:\/\/equitherapie-bourgogne.fr\/index.php\/agenda\/recital-fantasque-mundo-raro\/#primaryimage","url":"https:\/\/equitherapie-bourgogne.fr\/wp-content\/uploads\/2019\/07\/mundo-raro-lignt.jpg","contentUrl":"https:\/\/equitherapie-bourgogne.fr\/wp-content\/uploads\/2019\/07\/mundo-raro-lignt.jpg","width":843,"height":1181},{"@type":"BreadcrumbList","@id":"https:\/\/equitherapie-bourgogne.fr\/index.php\/agenda\/recital-fantasque-mundo-raro\/#breadcrumb","itemListElement":[{"@type":"ListItem","position":1,"name":"Accueil","item":"https:\/\/equitherapie-bourgogne.fr\/"},{"@type":"ListItem","position":2,"name":"\u00c9v\u00e8nements","item":"https:\/\/equitherapie-bourgogne.fr\/index.php\/agenda\/"},{"@type":"ListItem","position":3,"name":"R\u00e9cital Fantasque \u00ab\u00a0Un Mundo Raro\u00a0\u00bb"}]},{"@type":"WebSite","@id":"https:\/\/equitherapie-bourgogne.fr\/#website","url":"https:\/\/equitherapie-bourgogne.fr\/","name":"A Cheval sur Soi","description":"CENTRE \u00c9QUESTRE TRANSDISCIPLINAIRE","potentialAction":[{"@type":"SearchAction","target":{"@type":"EntryPoint","urlTemplate":"https:\/\/equitherapie-bourgogne.fr\/?s={search_term_string}"},"query-input":{"@type":"PropertyValueSpecification","valueRequired":true,"valueName":"search_term_string"}}],"inLanguage":"fr-FR"}]}},"_links":{"self":[{"href":"https:\/\/equitherapie-bourgogne.fr\/index.php\/wp-json\/wp\/v2\/tribe_events\/969","targetHints":{"allow":["GET"]}}],"collection":[{"href":"https:\/\/equitherapie-bourgogne.fr\/index.php\/wp-json\/wp\/v2\/tribe_events"}],"about":[{"href":"https:\/\/equitherapie-bourgogne.fr\/index.php\/wp-json\/wp\/v2\/types\/tribe_events"}],"author":[{"embeddable":true,"href":"https:\/\/equitherapie-bourgogne.fr\/index.php\/wp-json\/wp\/v2\/users\/1"}],"replies":[{"embeddable":true,"href":"https:\/\/equitherapie-bourgogne.fr\/index.php\/wp-json\/wp\/v2\/comments?post=969"}],"version-history":[{"count":1,"href":"https:\/\/equitherapie-bourgogne.fr\/index.php\/wp-json\/wp\/v2\/tribe_events\/969\/revisions"}],"predecessor-version":[{"id":973,"href":"https:\/\/equitherapie-bourgogne.fr\/index.php\/wp-json\/wp\/v2\/tribe_events\/969\/revisions\/973"}],"wp:featuredmedia":[{"embeddable":true,"href":"https:\/\/equitherapie-bourgogne.fr\/index.php\/wp-json\/wp\/v2\/media\/972"}],"wp:attachment":[{"href":"https:\/\/equitherapie-bourgogne.fr\/index.php\/wp-json\/wp\/v2\/media?parent=969"}],"wp:term":[{"taxonomy":"post_tag","embeddable":true,"href":"https:\/\/equitherapie-bourgogne.fr\/index.php\/wp-json\/wp\/v2\/tags?post=969"},{"taxonomy":"tribe_events_cat","embeddable":true,"href":"https:\/\/equitherapie-bourgogne.fr\/index.php\/wp-json\/wp\/v2\/tribe_events_cat?post=969"}],"curies":[{"name":"wp","href":"https:\/\/api.w.org\/{rel}","templated":true}]}}