{"id":728,"date":"2018-02-23T11:19:28","date_gmt":"2018-02-23T10:19:28","guid":{"rendered":"http:\/\/equitherapie-bourgogne.fr\/?post_type=tribe_events&#038;p=728"},"modified":"2018-02-23T11:19:28","modified_gmt":"2018-02-23T10:19:28","slug":"stage-tir-a-larc-a-cheval","status":"publish","type":"tribe_events","link":"https:\/\/equitherapie-bourgogne.fr\/index.php\/agenda\/stage-tir-a-larc-a-cheval\/","title":{"rendered":"Stage Tir \u00e0 l&rsquo;Arc \u00e0 Cheval"},"content":{"rendered":"<p>Notre devise : Allier la beaut\u00e9 du geste au plaisir du tir.<\/p>\n<p>Dans le parc r\u00e9gional du Morvan, Chrystophe archer et cavalier confirm\u00e9 vous fait d\u00e9couvrir cette nouvelle discipline. Le Tir \u00e0 l\u2019Arc permet d\u2019apprendre \u00e0 se conna\u00eetre, \u00e0 se d\u00e9passer tout en prenant du plaisir et en enrichissant sa relation au cheval.<\/p>\n<p>Venez \u00e0 la rencontre de vos sensations !!<\/p>\n","protected":false},"excerpt":{"rendered":"<p>Notre devise : Allier la beaut\u00e9 du geste au plaisir du tir. Dans le parc r\u00e9gional du Morvan, Chrystophe archer et cavalier confirm\u00e9 vous fait d\u00e9couvrir cette nouvelle discipline. Le Tir \u00e0 l\u2019Arc permet d\u2019apprendre \u00e0 se conna\u00eetre, \u00e0 se&#8230;<br \/><a class=\"read-more-button\" href=\"https:\/\/equitherapie-bourgogne.fr\/index.php\/agenda\/stage-tir-a-larc-a-cheval\/\">Savoir plus<\/a><\/p>\n","protected":false},"author":1,"featured_media":317,"comment_status":"open","ping_status":"closed","template":"","meta":{"_tribe_events_status":"","_tribe_events_status_reason":"","footnotes":""},"tags":[],"tribe_events_cat":[],"class_list":["post-728","tribe_events","type-tribe_events","status-publish","has-post-thumbnail","hentry"],"yoast_head":"<!-- This site is optimized with the Yoast SEO plugin v24.7 - https:\/\/yoast.com\/wordpress\/plugins\/seo\/ -->\n<title>Stage Tir \u00e0 l&#039;Arc \u00e0 Cheval - A Cheval sur Soi<\/title>\n<meta name=\"robots\" content=\"index, follow, max-snippet:-1, max-image-preview:large, max-video-preview:-1\" \/>\n<link rel=\"canonical\" href=\"https:\/\/equitherapie-bourgogne.fr\/index.php\/agenda\/stage-tir-a-larc-a-cheval\/\" \/>\n<meta property=\"og:locale\" content=\"fr_FR\" \/>\n<meta property=\"og:type\" content=\"article\" \/>\n<meta property=\"og:title\" content=\"Stage Tir \u00e0 l&#039;Arc \u00e0 Cheval - A Cheval sur Soi\" \/>\n<meta property=\"og:description\" content=\"Notre devise : Allier la beaut\u00e9 du geste au plaisir du tir. Dans le parc r\u00e9gional du Morvan, Chrystophe archer et cavalier confirm\u00e9 vous fait d\u00e9couvrir cette nouvelle discipline. Le Tir \u00e0 l\u2019Arc permet d\u2019apprendre \u00e0 se conna\u00eetre, \u00e0 se...Savoir plus\" \/>\n<meta property=\"og:url\" content=\"https:\/\/equitherapie-bourgogne.fr\/index.php\/agenda\/stage-tir-a-larc-a-cheval\/\" \/>\n<meta property=\"og:site_name\" content=\"A Cheval sur Soi\" \/>\n<meta property=\"og:image\" content=\"https:\/\/equitherapie-bourgogne.fr\/wp-content\/uploads\/2017\/05\/Tir-\u00e0-larc-6.jpg\" \/>\n\t<meta property=\"og:image:width\" content=\"2286\" \/>\n\t<meta property=\"og:image:height\" content=\"1705\" \/>\n\t<meta property=\"og:image:type\" content=\"image\/jpeg\" \/>\n<meta name=\"twitter:card\" content=\"summary_large_image\" \/>\n<script type=\"application\/ld+json\" class=\"yoast-schema-graph\">{\"@context\":\"https:\/\/schema.org\",\"@graph\":[{\"@type\":\"WebPage\",\"@id\":\"https:\/\/equitherapie-bourgogne.fr\/index.php\/agenda\/stage-tir-a-larc-a-cheval\/\",\"url\":\"https:\/\/equitherapie-bourgogne.fr\/index.php\/agenda\/stage-tir-a-larc-a-cheval\/\",\"name\":\"Stage Tir \u00e0 l'Arc \u00e0 Cheval - A Cheval sur Soi\",\"isPartOf\":{\"@id\":\"https:\/\/equitherapie-bourgogne.fr\/#website\"},\"primaryImageOfPage\":{\"@id\":\"https:\/\/equitherapie-bourgogne.fr\/index.php\/agenda\/stage-tir-a-larc-a-cheval\/#primaryimage\"},\"image\":{\"@id\":\"https:\/\/equitherapie-bourgogne.fr\/index.php\/agenda\/stage-tir-a-larc-a-cheval\/#primaryimage\"},\"thumbnailUrl\":\"https:\/\/equitherapie-bourgogne.fr\/wp-content\/uploads\/2017\/05\/Tir-\u00e0-larc-6.jpg\",\"datePublished\":\"2018-02-23T10:19:28+00:00\",\"breadcrumb\":{\"@id\":\"https:\/\/equitherapie-bourgogne.fr\/index.php\/agenda\/stage-tir-a-larc-a-cheval\/#breadcrumb\"},\"inLanguage\":\"fr-FR\",\"potentialAction\":[{\"@type\":\"ReadAction\",\"target\":[\"https:\/\/equitherapie-bourgogne.fr\/index.php\/agenda\/stage-tir-a-larc-a-cheval\/\"]}]},{\"@type\":\"ImageObject\",\"inLanguage\":\"fr-FR\",\"@id\":\"https:\/\/equitherapie-bourgogne.fr\/index.php\/agenda\/stage-tir-a-larc-a-cheval\/#primaryimage\",\"url\":\"https:\/\/equitherapie-bourgogne.fr\/wp-content\/uploads\/2017\/05\/Tir-\u00e0-larc-6.jpg\",\"contentUrl\":\"https:\/\/equitherapie-bourgogne.fr\/wp-content\/uploads\/2017\/05\/Tir-\u00e0-larc-6.jpg\",\"width\":2286,\"height\":1705},{\"@type\":\"BreadcrumbList\",\"@id\":\"https:\/\/equitherapie-bourgogne.fr\/index.php\/agenda\/stage-tir-a-larc-a-cheval\/#breadcrumb\",\"itemListElement\":[{\"@type\":\"ListItem\",\"position\":1,\"name\":\"Accueil\",\"item\":\"https:\/\/equitherapie-bourgogne.fr\/\"},{\"@type\":\"ListItem\",\"position\":2,\"name\":\"\u00c9v\u00e8nements\",\"item\":\"https:\/\/equitherapie-bourgogne.fr\/index.php\/agenda\/\"},{\"@type\":\"ListItem\",\"position\":3,\"name\":\"Stage Tir \u00e0 l&rsquo;Arc \u00e0 Cheval\"}]},{\"@type\":\"WebSite\",\"@id\":\"https:\/\/equitherapie-bourgogne.fr\/#website\",\"url\":\"https:\/\/equitherapie-bourgogne.fr\/\",\"name\":\"A Cheval sur Soi\",\"description\":\"CENTRE \u00c9QUESTRE TRANSDISCIPLINAIRE\",\"potentialAction\":[{\"@type\":\"SearchAction\",\"target\":{\"@type\":\"EntryPoint\",\"urlTemplate\":\"https:\/\/equitherapie-bourgogne.fr\/?s={search_term_string}\"},\"query-input\":{\"@type\":\"PropertyValueSpecification\",\"valueRequired\":true,\"valueName\":\"search_term_string\"}}],\"inLanguage\":\"fr-FR\"}]}<\/script>\n<!-- \/ Yoast SEO plugin. -->","yoast_head_json":{"title":"Stage Tir \u00e0 l'Arc \u00e0 Cheval - A Cheval sur Soi","robots":{"index":"index","follow":"follow","max-snippet":"max-snippet:-1","max-image-preview":"max-image-preview:large","max-video-preview":"max-video-preview:-1"},"canonical":"https:\/\/equitherapie-bourgogne.fr\/index.php\/agenda\/stage-tir-a-larc-a-cheval\/","og_locale":"fr_FR","og_type":"article","og_title":"Stage Tir \u00e0 l'Arc \u00e0 Cheval - A Cheval sur Soi","og_description":"Notre devise : Allier la beaut\u00e9 du geste au plaisir du tir. Dans le parc r\u00e9gional du Morvan, Chrystophe archer et cavalier confirm\u00e9 vous fait d\u00e9couvrir cette nouvelle discipline. Le Tir \u00e0 l\u2019Arc permet d\u2019apprendre \u00e0 se conna\u00eetre, \u00e0 se...Savoir plus","og_url":"https:\/\/equitherapie-bourgogne.fr\/index.php\/agenda\/stage-tir-a-larc-a-cheval\/","og_site_name":"A Cheval sur Soi","og_image":[{"width":2286,"height":1705,"url":"https:\/\/equitherapie-bourgogne.fr\/wp-content\/uploads\/2017\/05\/Tir-\u00e0-larc-6.jpg","type":"image\/jpeg"}],"twitter_card":"summary_large_image","schema":{"@context":"https:\/\/schema.org","@graph":[{"@type":"WebPage","@id":"https:\/\/equitherapie-bourgogne.fr\/index.php\/agenda\/stage-tir-a-larc-a-cheval\/","url":"https:\/\/equitherapie-bourgogne.fr\/index.php\/agenda\/stage-tir-a-larc-a-cheval\/","name":"Stage Tir \u00e0 l'Arc \u00e0 Cheval - A Cheval sur Soi","isPartOf":{"@id":"https:\/\/equitherapie-bourgogne.fr\/#website"},"primaryImageOfPage":{"@id":"https:\/\/equitherapie-bourgogne.fr\/index.php\/agenda\/stage-tir-a-larc-a-cheval\/#primaryimage"},"image":{"@id":"https:\/\/equitherapie-bourgogne.fr\/index.php\/agenda\/stage-tir-a-larc-a-cheval\/#primaryimage"},"thumbnailUrl":"https:\/\/equitherapie-bourgogne.fr\/wp-content\/uploads\/2017\/05\/Tir-\u00e0-larc-6.jpg","datePublished":"2018-02-23T10:19:28+00:00","breadcrumb":{"@id":"https:\/\/equitherapie-bourgogne.fr\/index.php\/agenda\/stage-tir-a-larc-a-cheval\/#breadcrumb"},"inLanguage":"fr-FR","potentialAction":[{"@type":"ReadAction","target":["https:\/\/equitherapie-bourgogne.fr\/index.php\/agenda\/stage-tir-a-larc-a-cheval\/"]}]},{"@type":"ImageObject","inLanguage":"fr-FR","@id":"https:\/\/equitherapie-bourgogne.fr\/index.php\/agenda\/stage-tir-a-larc-a-cheval\/#primaryimage","url":"https:\/\/equitherapie-bourgogne.fr\/wp-content\/uploads\/2017\/05\/Tir-\u00e0-larc-6.jpg","contentUrl":"https:\/\/equitherapie-bourgogne.fr\/wp-content\/uploads\/2017\/05\/Tir-\u00e0-larc-6.jpg","width":2286,"height":1705},{"@type":"BreadcrumbList","@id":"https:\/\/equitherapie-bourgogne.fr\/index.php\/agenda\/stage-tir-a-larc-a-cheval\/#breadcrumb","itemListElement":[{"@type":"ListItem","position":1,"name":"Accueil","item":"https:\/\/equitherapie-bourgogne.fr\/"},{"@type":"ListItem","position":2,"name":"\u00c9v\u00e8nements","item":"https:\/\/equitherapie-bourgogne.fr\/index.php\/agenda\/"},{"@type":"ListItem","position":3,"name":"Stage Tir \u00e0 l&rsquo;Arc \u00e0 Cheval"}]},{"@type":"WebSite","@id":"https:\/\/equitherapie-bourgogne.fr\/#website","url":"https:\/\/equitherapie-bourgogne.fr\/","name":"A Cheval sur Soi","description":"CENTRE \u00c9QUESTRE TRANSDISCIPLINAIRE","potentialAction":[{"@type":"SearchAction","target":{"@type":"EntryPoint","urlTemplate":"https:\/\/equitherapie-bourgogne.fr\/?s={search_term_string}"},"query-input":{"@type":"PropertyValueSpecification","valueRequired":true,"valueName":"search_term_string"}}],"inLanguage":"fr-FR"}]}},"_links":{"self":[{"href":"https:\/\/equitherapie-bourgogne.fr\/index.php\/wp-json\/wp\/v2\/tribe_events\/728","targetHints":{"allow":["GET"]}}],"collection":[{"href":"https:\/\/equitherapie-bourgogne.fr\/index.php\/wp-json\/wp\/v2\/tribe_events"}],"about":[{"href":"https:\/\/equitherapie-bourgogne.fr\/index.php\/wp-json\/wp\/v2\/types\/tribe_events"}],"author":[{"embeddable":true,"href":"https:\/\/equitherapie-bourgogne.fr\/index.php\/wp-json\/wp\/v2\/users\/1"}],"replies":[{"embeddable":true,"href":"https:\/\/equitherapie-bourgogne.fr\/index.php\/wp-json\/wp\/v2\/comments?post=728"}],"version-history":[{"count":1,"href":"https:\/\/equitherapie-bourgogne.fr\/index.php\/wp-json\/wp\/v2\/tribe_events\/728\/revisions"}],"predecessor-version":[{"id":729,"href":"https:\/\/equitherapie-bourgogne.fr\/index.php\/wp-json\/wp\/v2\/tribe_events\/728\/revisions\/729"}],"wp:featuredmedia":[{"embeddable":true,"href":"https:\/\/equitherapie-bourgogne.fr\/index.php\/wp-json\/wp\/v2\/media\/317"}],"wp:attachment":[{"href":"https:\/\/equitherapie-bourgogne.fr\/index.php\/wp-json\/wp\/v2\/media?parent=728"}],"wp:term":[{"taxonomy":"post_tag","embeddable":true,"href":"https:\/\/equitherapie-bourgogne.fr\/index.php\/wp-json\/wp\/v2\/tags?post=728"},{"taxonomy":"tribe_events_cat","embeddable":true,"href":"https:\/\/equitherapie-bourgogne.fr\/index.php\/wp-json\/wp\/v2\/tribe_events_cat?post=728"}],"curies":[{"name":"wp","href":"https:\/\/api.w.org\/{rel}","templated":true}]}}