{"id":724,"date":"2018-02-23T11:00:38","date_gmt":"2018-02-23T10:00:38","guid":{"rendered":"http:\/\/equitherapie-bourgogne.fr\/?post_type=tribe_events&#038;p=724"},"modified":"2018-02-23T14:04:28","modified_gmt":"2018-02-23T13:04:28","slug":"randonnee-initiatique","status":"publish","type":"tribe_events","link":"https:\/\/equitherapie-bourgogne.fr\/index.php\/agenda\/randonnee-initiatique\/","title":{"rendered":"Randonn\u00e9e initiatique."},"content":{"rendered":"<p>Les Praticien en M\u00e9diation \u00c9quine form\u00e9s \u00e0 Cheval Emoi l&rsquo;attendaient!!\u00a0<a href=\"http:\/\/www.cheval-emoi.org\/index.php\/les-formations\">http:\/\/www.cheval-emoi.org\/index.php\/les-formations<\/a><\/p>\n<p>La voil\u00e0 enfin, la randonn\u00e9e \u00ab\u00a0initiatique\u00a0\u00bb, cinq jours pour approfondir le travail effectu\u00e9 en formation en exp\u00e9rimentant le parcours des h\u00e9ros de contes.<\/p>\n<p>Cette randonn\u00e9e fait partie des modules post-formation r\u00e9serv\u00e9 pour l&rsquo;instant aux personnes form\u00e9s \u00e0 Cheval Emoi.<\/p>\n","protected":false},"excerpt":{"rendered":"<p>Les Praticien en M\u00e9diation \u00c9quine form\u00e9s \u00e0 Cheval Emoi l&rsquo;attendaient!!\u00a0http:\/\/www.cheval-emoi.org\/index.php\/les-formations La voil\u00e0 enfin, la randonn\u00e9e \u00ab\u00a0initiatique\u00a0\u00bb, cinq jours pour approfondir le travail effectu\u00e9 en formation en exp\u00e9rimentant le parcours des h\u00e9ros de contes. Cette randonn\u00e9e fait partie des modules post-formation&#8230;<br \/><a class=\"read-more-button\" href=\"https:\/\/equitherapie-bourgogne.fr\/index.php\/agenda\/randonnee-initiatique\/\">Savoir plus<\/a><\/p>\n","protected":false},"author":1,"featured_media":443,"comment_status":"open","ping_status":"closed","template":"","meta":{"_tribe_events_status":"","_tribe_events_status_reason":"","footnotes":""},"tags":[],"tribe_events_cat":[11],"class_list":["post-724","tribe_events","type-tribe_events","status-publish","has-post-thumbnail","hentry","tribe_events_cat-stages-et-formations","cat_stages-et-formations"],"yoast_head":"<!-- This site is optimized with the Yoast SEO plugin v24.7 - https:\/\/yoast.com\/wordpress\/plugins\/seo\/ -->\n<title>Randonn\u00e9e initiatique. - A Cheval sur Soi<\/title>\n<meta name=\"robots\" content=\"index, follow, max-snippet:-1, max-image-preview:large, max-video-preview:-1\" \/>\n<link rel=\"canonical\" href=\"https:\/\/equitherapie-bourgogne.fr\/index.php\/agenda\/randonnee-initiatique\/\" \/>\n<meta property=\"og:locale\" content=\"fr_FR\" \/>\n<meta property=\"og:type\" content=\"article\" \/>\n<meta property=\"og:title\" content=\"Randonn\u00e9e initiatique. - A Cheval sur Soi\" \/>\n<meta property=\"og:description\" content=\"Les Praticien en M\u00e9diation \u00c9quine form\u00e9s \u00e0 Cheval Emoi l&rsquo;attendaient!!\u00a0http:\/\/www.cheval-emoi.org\/index.php\/les-formations La voil\u00e0 enfin, la randonn\u00e9e \u00ab\u00a0initiatique\u00a0\u00bb, cinq jours pour approfondir le travail effectu\u00e9 en formation en exp\u00e9rimentant le parcours des h\u00e9ros de contes. Cette randonn\u00e9e fait partie des modules post-formation...Savoir plus\" \/>\n<meta property=\"og:url\" content=\"https:\/\/equitherapie-bourgogne.fr\/index.php\/agenda\/randonnee-initiatique\/\" \/>\n<meta property=\"og:site_name\" content=\"A Cheval sur Soi\" \/>\n<meta property=\"article:modified_time\" content=\"2018-02-23T13:04:28+00:00\" \/>\n<meta property=\"og:image\" content=\"https:\/\/equitherapie-bourgogne.fr\/wp-content\/uploads\/2016\/11\/13087418_1090567941003442_3608936347266084608_n.jpg\" \/>\n\t<meta property=\"og:image:width\" content=\"960\" \/>\n\t<meta property=\"og:image:height\" content=\"715\" \/>\n\t<meta property=\"og:image:type\" content=\"image\/jpeg\" \/>\n<meta name=\"twitter:card\" content=\"summary_large_image\" \/>\n<script type=\"application\/ld+json\" class=\"yoast-schema-graph\">{\"@context\":\"https:\/\/schema.org\",\"@graph\":[{\"@type\":\"WebPage\",\"@id\":\"https:\/\/equitherapie-bourgogne.fr\/index.php\/agenda\/randonnee-initiatique\/\",\"url\":\"https:\/\/equitherapie-bourgogne.fr\/index.php\/agenda\/randonnee-initiatique\/\",\"name\":\"Randonn\u00e9e initiatique. - A Cheval sur Soi\",\"isPartOf\":{\"@id\":\"https:\/\/equitherapie-bourgogne.fr\/#website\"},\"primaryImageOfPage\":{\"@id\":\"https:\/\/equitherapie-bourgogne.fr\/index.php\/agenda\/randonnee-initiatique\/#primaryimage\"},\"image\":{\"@id\":\"https:\/\/equitherapie-bourgogne.fr\/index.php\/agenda\/randonnee-initiatique\/#primaryimage\"},\"thumbnailUrl\":\"https:\/\/equitherapie-bourgogne.fr\/wp-content\/uploads\/2016\/11\/13087418_1090567941003442_3608936347266084608_n.jpg\",\"datePublished\":\"2018-02-23T10:00:38+00:00\",\"dateModified\":\"2018-02-23T13:04:28+00:00\",\"breadcrumb\":{\"@id\":\"https:\/\/equitherapie-bourgogne.fr\/index.php\/agenda\/randonnee-initiatique\/#breadcrumb\"},\"inLanguage\":\"fr-FR\",\"potentialAction\":[{\"@type\":\"ReadAction\",\"target\":[\"https:\/\/equitherapie-bourgogne.fr\/index.php\/agenda\/randonnee-initiatique\/\"]}]},{\"@type\":\"ImageObject\",\"inLanguage\":\"fr-FR\",\"@id\":\"https:\/\/equitherapie-bourgogne.fr\/index.php\/agenda\/randonnee-initiatique\/#primaryimage\",\"url\":\"https:\/\/equitherapie-bourgogne.fr\/wp-content\/uploads\/2016\/11\/13087418_1090567941003442_3608936347266084608_n.jpg\",\"contentUrl\":\"https:\/\/equitherapie-bourgogne.fr\/wp-content\/uploads\/2016\/11\/13087418_1090567941003442_3608936347266084608_n.jpg\",\"width\":960,\"height\":715},{\"@type\":\"BreadcrumbList\",\"@id\":\"https:\/\/equitherapie-bourgogne.fr\/index.php\/agenda\/randonnee-initiatique\/#breadcrumb\",\"itemListElement\":[{\"@type\":\"ListItem\",\"position\":1,\"name\":\"Accueil\",\"item\":\"https:\/\/equitherapie-bourgogne.fr\/\"},{\"@type\":\"ListItem\",\"position\":2,\"name\":\"\u00c9v\u00e8nements\",\"item\":\"https:\/\/equitherapie-bourgogne.fr\/index.php\/agenda\/\"},{\"@type\":\"ListItem\",\"position\":3,\"name\":\"Randonn\u00e9e initiatique.\"}]},{\"@type\":\"WebSite\",\"@id\":\"https:\/\/equitherapie-bourgogne.fr\/#website\",\"url\":\"https:\/\/equitherapie-bourgogne.fr\/\",\"name\":\"A Cheval sur Soi\",\"description\":\"CENTRE \u00c9QUESTRE TRANSDISCIPLINAIRE\",\"potentialAction\":[{\"@type\":\"SearchAction\",\"target\":{\"@type\":\"EntryPoint\",\"urlTemplate\":\"https:\/\/equitherapie-bourgogne.fr\/?s={search_term_string}\"},\"query-input\":{\"@type\":\"PropertyValueSpecification\",\"valueRequired\":true,\"valueName\":\"search_term_string\"}}],\"inLanguage\":\"fr-FR\"}]}<\/script>\n<!-- \/ Yoast SEO plugin. -->","yoast_head_json":{"title":"Randonn\u00e9e initiatique. - A Cheval sur Soi","robots":{"index":"index","follow":"follow","max-snippet":"max-snippet:-1","max-image-preview":"max-image-preview:large","max-video-preview":"max-video-preview:-1"},"canonical":"https:\/\/equitherapie-bourgogne.fr\/index.php\/agenda\/randonnee-initiatique\/","og_locale":"fr_FR","og_type":"article","og_title":"Randonn\u00e9e initiatique. - A Cheval sur Soi","og_description":"Les Praticien en M\u00e9diation \u00c9quine form\u00e9s \u00e0 Cheval Emoi l&rsquo;attendaient!!\u00a0http:\/\/www.cheval-emoi.org\/index.php\/les-formations La voil\u00e0 enfin, la randonn\u00e9e \u00ab\u00a0initiatique\u00a0\u00bb, cinq jours pour approfondir le travail effectu\u00e9 en formation en exp\u00e9rimentant le parcours des h\u00e9ros de contes. Cette randonn\u00e9e fait partie des modules post-formation...Savoir plus","og_url":"https:\/\/equitherapie-bourgogne.fr\/index.php\/agenda\/randonnee-initiatique\/","og_site_name":"A Cheval sur Soi","article_modified_time":"2018-02-23T13:04:28+00:00","og_image":[{"width":960,"height":715,"url":"https:\/\/equitherapie-bourgogne.fr\/wp-content\/uploads\/2016\/11\/13087418_1090567941003442_3608936347266084608_n.jpg","type":"image\/jpeg"}],"twitter_card":"summary_large_image","schema":{"@context":"https:\/\/schema.org","@graph":[{"@type":"WebPage","@id":"https:\/\/equitherapie-bourgogne.fr\/index.php\/agenda\/randonnee-initiatique\/","url":"https:\/\/equitherapie-bourgogne.fr\/index.php\/agenda\/randonnee-initiatique\/","name":"Randonn\u00e9e initiatique. - A Cheval sur Soi","isPartOf":{"@id":"https:\/\/equitherapie-bourgogne.fr\/#website"},"primaryImageOfPage":{"@id":"https:\/\/equitherapie-bourgogne.fr\/index.php\/agenda\/randonnee-initiatique\/#primaryimage"},"image":{"@id":"https:\/\/equitherapie-bourgogne.fr\/index.php\/agenda\/randonnee-initiatique\/#primaryimage"},"thumbnailUrl":"https:\/\/equitherapie-bourgogne.fr\/wp-content\/uploads\/2016\/11\/13087418_1090567941003442_3608936347266084608_n.jpg","datePublished":"2018-02-23T10:00:38+00:00","dateModified":"2018-02-23T13:04:28+00:00","breadcrumb":{"@id":"https:\/\/equitherapie-bourgogne.fr\/index.php\/agenda\/randonnee-initiatique\/#breadcrumb"},"inLanguage":"fr-FR","potentialAction":[{"@type":"ReadAction","target":["https:\/\/equitherapie-bourgogne.fr\/index.php\/agenda\/randonnee-initiatique\/"]}]},{"@type":"ImageObject","inLanguage":"fr-FR","@id":"https:\/\/equitherapie-bourgogne.fr\/index.php\/agenda\/randonnee-initiatique\/#primaryimage","url":"https:\/\/equitherapie-bourgogne.fr\/wp-content\/uploads\/2016\/11\/13087418_1090567941003442_3608936347266084608_n.jpg","contentUrl":"https:\/\/equitherapie-bourgogne.fr\/wp-content\/uploads\/2016\/11\/13087418_1090567941003442_3608936347266084608_n.jpg","width":960,"height":715},{"@type":"BreadcrumbList","@id":"https:\/\/equitherapie-bourgogne.fr\/index.php\/agenda\/randonnee-initiatique\/#breadcrumb","itemListElement":[{"@type":"ListItem","position":1,"name":"Accueil","item":"https:\/\/equitherapie-bourgogne.fr\/"},{"@type":"ListItem","position":2,"name":"\u00c9v\u00e8nements","item":"https:\/\/equitherapie-bourgogne.fr\/index.php\/agenda\/"},{"@type":"ListItem","position":3,"name":"Randonn\u00e9e initiatique."}]},{"@type":"WebSite","@id":"https:\/\/equitherapie-bourgogne.fr\/#website","url":"https:\/\/equitherapie-bourgogne.fr\/","name":"A Cheval sur Soi","description":"CENTRE \u00c9QUESTRE TRANSDISCIPLINAIRE","potentialAction":[{"@type":"SearchAction","target":{"@type":"EntryPoint","urlTemplate":"https:\/\/equitherapie-bourgogne.fr\/?s={search_term_string}"},"query-input":{"@type":"PropertyValueSpecification","valueRequired":true,"valueName":"search_term_string"}}],"inLanguage":"fr-FR"}]}},"_links":{"self":[{"href":"https:\/\/equitherapie-bourgogne.fr\/index.php\/wp-json\/wp\/v2\/tribe_events\/724","targetHints":{"allow":["GET"]}}],"collection":[{"href":"https:\/\/equitherapie-bourgogne.fr\/index.php\/wp-json\/wp\/v2\/tribe_events"}],"about":[{"href":"https:\/\/equitherapie-bourgogne.fr\/index.php\/wp-json\/wp\/v2\/types\/tribe_events"}],"author":[{"embeddable":true,"href":"https:\/\/equitherapie-bourgogne.fr\/index.php\/wp-json\/wp\/v2\/users\/1"}],"replies":[{"embeddable":true,"href":"https:\/\/equitherapie-bourgogne.fr\/index.php\/wp-json\/wp\/v2\/comments?post=724"}],"version-history":[{"count":2,"href":"https:\/\/equitherapie-bourgogne.fr\/index.php\/wp-json\/wp\/v2\/tribe_events\/724\/revisions"}],"predecessor-version":[{"id":731,"href":"https:\/\/equitherapie-bourgogne.fr\/index.php\/wp-json\/wp\/v2\/tribe_events\/724\/revisions\/731"}],"wp:featuredmedia":[{"embeddable":true,"href":"https:\/\/equitherapie-bourgogne.fr\/index.php\/wp-json\/wp\/v2\/media\/443"}],"wp:attachment":[{"href":"https:\/\/equitherapie-bourgogne.fr\/index.php\/wp-json\/wp\/v2\/media?parent=724"}],"wp:term":[{"taxonomy":"post_tag","embeddable":true,"href":"https:\/\/equitherapie-bourgogne.fr\/index.php\/wp-json\/wp\/v2\/tags?post=724"},{"taxonomy":"tribe_events_cat","embeddable":true,"href":"https:\/\/equitherapie-bourgogne.fr\/index.php\/wp-json\/wp\/v2\/tribe_events_cat?post=724"}],"curies":[{"name":"wp","href":"https:\/\/api.w.org\/{rel}","templated":true}]}}