{"id":1222,"date":"2025-03-14T11:17:42","date_gmt":"2025-03-14T10:17:42","guid":{"rendered":"https:\/\/equitherapie-bourgogne.fr\/?post_type=tribe_events&#038;p=1222"},"modified":"2025-03-15T13:17:37","modified_gmt":"2025-03-15T12:17:37","slug":"stage-equitation-sensitive","status":"publish","type":"tribe_events","link":"https:\/\/equitherapie-bourgogne.fr\/index.php\/agenda\/stage-equitation-sensitive\/","title":{"rendered":"Stage \u00c9quitation Sensitive : fluidit\u00e9, subtilit\u00e9 et conscience corporelle."},"content":{"rendered":"<p> Ce stage vous invite \u00e0 explorer une \u00e9quitation fond\u00e9e sur la l\u00e9g\u00e8ret\u00e9, la compr\u00e9hension du mouvement naturel du cheval et une communication en douceur.<br \/>\n En d\u00e9veloppant une meilleure conscience corporelle, le cavalier apprend \u00e0 se fondre dans le mouvement du cheval et \u00e0 utiliser des aides subtiles sans perturber l&rsquo;ondulation naturelle du dos du cheval.<br \/>\n L\u2019\u00e9quitation doit \u00eatre avant tout une discipline de la finesse et de la perception tactile. Ce stage propose d\u2019explorer comment la posture, l\u2019assiette et la proprioception permettent une communication subtile, r\u00e9duisant l\u2019intervention des mains et des jambes au profit d\u2019une connexion plus fine avec son cheval.<br \/>\n Ce stage vous guidera pas \u00e0 pas vers une \u00e9quitation qui favorise le rel\u00e2chement musculaire et la s\u00e9r\u00e9nit\u00e9, tant pour le cavalier que pour le cheval.<br \/>\nObjectifs du stage :<br \/>\n\u2714 D\u00e9velopper une \u00e9quitation respectueuse et harmonieuse, bas\u00e9e sur la communication par l\u2019assiette et la posture.<br \/>\n\u2714 Apprendre \u00e0 minimiser les aides (main et jambes) au profit du ressenti et de la proprioception.<br \/>\n\u2714 Pr\u00e9server et accompagner les mouvements naturels du cheval plut\u00f4t que de les contraindre.<br \/>\n\u2714 Utiliser les aides dans le sens du mouvement du cheval, en \u00e9vitant toute action \u00e0 contretemps.<br \/>\n\u2714 S\u2019accorder au rythme du cheval et intervenir au moment le plus opportun.<br \/>\nVos Intervenantes :<br \/>\n\u200d Nathalie Frilley<br \/>\nTh\u00e9rapeute avec le cheval (FENTAC)<br \/>\nPsycho-Praticienne \u00e0 M\u00e9diation \u00c9quine (Cheval EMoi)<br \/>\nFormatrice<br \/>\nBrevet d\u2019\u00c9tat d\u2019Enseignante d\u2019\u00c9quitation<br \/>\nSp\u00e9cialiste en psychop\u00e9dagogie<br \/>\nDEA en physiopathologie humaine<br \/>\n\u200dV\u00e9ronique Weber<br \/>\nv\u00e9t\u00e9rinaire et ost\u00e9opathe pour chevaux<br \/>\n\u00e9cuy\u00e8re de l&rsquo;acad\u00e9mie \u00e9questre de Bent Branderup Academic Art of Riding by Bent Branderup<br \/>\nVenez d\u00e9couvrir les stages d\u2019\u00c9quitation Sensitive qui sont des exp\u00e9riences enrichissantes, o\u00f9 les \u00e9changes et le partage occupent une place centrale, alternant harmonieusement entre enseignements th\u00e9oriques et mises en pratique.<br \/>\nLieu de formation:<br \/>\n21430 Bard-le-R\u00e9gulier<br \/>\nInscription:<br \/>\nachevalsursoi@gmail.com<br \/>\n0607099937<br \/>\nTarif: 320\u20ac avec cheval<br \/>\nPossibilit\u00e9 de participer en tant que auditeur libre<\/p>\n","protected":false},"excerpt":{"rendered":"<p>Ce stage vous invite \u00e0 explorer une \u00e9quitation fond\u00e9e sur la l\u00e9g\u00e8ret\u00e9, la compr\u00e9hension du mouvement naturel du cheval et une communication en douceur. En d\u00e9veloppant une meilleure conscience corporelle, le cavalier apprend \u00e0 se fondre dans le mouvement du&#8230;<br \/><a class=\"read-more-button\" href=\"https:\/\/equitherapie-bourgogne.fr\/index.php\/agenda\/stage-equitation-sensitive\/\">Savoir plus<\/a><\/p>\n","protected":false},"author":1,"featured_media":1225,"comment_status":"open","ping_status":"closed","template":"","meta":{"_tribe_events_status":"","_tribe_events_status_reason":"","footnotes":""},"tags":[],"tribe_events_cat":[12],"class_list":["post-1222","tribe_events","type-tribe_events","status-publish","has-post-thumbnail","hentry","tribe_events_cat-stage","cat_stage"],"yoast_head":"<!-- This site is optimized with the Yoast SEO plugin v24.7 - https:\/\/yoast.com\/wordpress\/plugins\/seo\/ -->\n<title>Stage \u00c9quitation Sensitive : fluidit\u00e9, subtilit\u00e9 et conscience corporelle. - A Cheval sur Soi<\/title>\n<meta name=\"robots\" content=\"index, follow, max-snippet:-1, max-image-preview:large, max-video-preview:-1\" \/>\n<link rel=\"canonical\" href=\"https:\/\/equitherapie-bourgogne.fr\/index.php\/agenda\/stage-equitation-sensitive\/\" \/>\n<meta property=\"og:locale\" content=\"fr_FR\" \/>\n<meta property=\"og:type\" content=\"article\" \/>\n<meta property=\"og:title\" content=\"Stage \u00c9quitation Sensitive : fluidit\u00e9, subtilit\u00e9 et conscience corporelle. - A Cheval sur Soi\" \/>\n<meta property=\"og:description\" content=\"Ce stage vous invite \u00e0 explorer une \u00e9quitation fond\u00e9e sur la l\u00e9g\u00e8ret\u00e9, la compr\u00e9hension du mouvement naturel du cheval et une communication en douceur. En d\u00e9veloppant une meilleure conscience corporelle, le cavalier apprend \u00e0 se fondre dans le mouvement du...Savoir plus\" \/>\n<meta property=\"og:url\" content=\"https:\/\/equitherapie-bourgogne.fr\/index.php\/agenda\/stage-equitation-sensitive\/\" \/>\n<meta property=\"og:site_name\" content=\"A Cheval sur Soi\" \/>\n<meta property=\"article:modified_time\" content=\"2025-03-15T12:17:37+00:00\" \/>\n<meta property=\"og:image\" content=\"https:\/\/equitherapie-bourgogne.fr\/wp-content\/uploads\/2025\/03\/480741469_603319909258085_808599654962573868_n.jpg-page-001.jpg\" \/>\n\t<meta property=\"og:image:width\" content=\"1240\" \/>\n\t<meta property=\"og:image:height\" content=\"1754\" \/>\n\t<meta property=\"og:image:type\" content=\"image\/jpeg\" \/>\n<meta name=\"twitter:card\" content=\"summary_large_image\" \/>\n<meta name=\"twitter:label1\" content=\"Dur\u00e9e de lecture estim\u00e9e\" \/>\n\t<meta name=\"twitter:data1\" content=\"2 minutes\" \/>\n<script type=\"application\/ld+json\" class=\"yoast-schema-graph\">{\"@context\":\"https:\/\/schema.org\",\"@graph\":[{\"@type\":\"WebPage\",\"@id\":\"https:\/\/equitherapie-bourgogne.fr\/index.php\/agenda\/stage-equitation-sensitive\/\",\"url\":\"https:\/\/equitherapie-bourgogne.fr\/index.php\/agenda\/stage-equitation-sensitive\/\",\"name\":\"Stage \u00c9quitation Sensitive : fluidit\u00e9, subtilit\u00e9 et conscience corporelle. - A Cheval sur Soi\",\"isPartOf\":{\"@id\":\"https:\/\/equitherapie-bourgogne.fr\/#website\"},\"primaryImageOfPage\":{\"@id\":\"https:\/\/equitherapie-bourgogne.fr\/index.php\/agenda\/stage-equitation-sensitive\/#primaryimage\"},\"image\":{\"@id\":\"https:\/\/equitherapie-bourgogne.fr\/index.php\/agenda\/stage-equitation-sensitive\/#primaryimage\"},\"thumbnailUrl\":\"https:\/\/equitherapie-bourgogne.fr\/wp-content\/uploads\/2025\/03\/480741469_603319909258085_808599654962573868_n.jpg-page-001.jpg\",\"datePublished\":\"2025-03-14T10:17:42+00:00\",\"dateModified\":\"2025-03-15T12:17:37+00:00\",\"breadcrumb\":{\"@id\":\"https:\/\/equitherapie-bourgogne.fr\/index.php\/agenda\/stage-equitation-sensitive\/#breadcrumb\"},\"inLanguage\":\"fr-FR\",\"potentialAction\":[{\"@type\":\"ReadAction\",\"target\":[\"https:\/\/equitherapie-bourgogne.fr\/index.php\/agenda\/stage-equitation-sensitive\/\"]}]},{\"@type\":\"ImageObject\",\"inLanguage\":\"fr-FR\",\"@id\":\"https:\/\/equitherapie-bourgogne.fr\/index.php\/agenda\/stage-equitation-sensitive\/#primaryimage\",\"url\":\"https:\/\/equitherapie-bourgogne.fr\/wp-content\/uploads\/2025\/03\/480741469_603319909258085_808599654962573868_n.jpg-page-001.jpg\",\"contentUrl\":\"https:\/\/equitherapie-bourgogne.fr\/wp-content\/uploads\/2025\/03\/480741469_603319909258085_808599654962573868_n.jpg-page-001.jpg\",\"width\":1240,\"height\":1754},{\"@type\":\"BreadcrumbList\",\"@id\":\"https:\/\/equitherapie-bourgogne.fr\/index.php\/agenda\/stage-equitation-sensitive\/#breadcrumb\",\"itemListElement\":[{\"@type\":\"ListItem\",\"position\":1,\"name\":\"Accueil\",\"item\":\"https:\/\/equitherapie-bourgogne.fr\/\"},{\"@type\":\"ListItem\",\"position\":2,\"name\":\"\u00c9v\u00e8nements\",\"item\":\"https:\/\/equitherapie-bourgogne.fr\/index.php\/agenda\/\"},{\"@type\":\"ListItem\",\"position\":3,\"name\":\"Stage \u00c9quitation Sensitive : fluidit\u00e9, subtilit\u00e9 et conscience corporelle.\"}]},{\"@type\":\"WebSite\",\"@id\":\"https:\/\/equitherapie-bourgogne.fr\/#website\",\"url\":\"https:\/\/equitherapie-bourgogne.fr\/\",\"name\":\"A Cheval sur Soi\",\"description\":\"CENTRE \u00c9QUESTRE TRANSDISCIPLINAIRE\",\"potentialAction\":[{\"@type\":\"SearchAction\",\"target\":{\"@type\":\"EntryPoint\",\"urlTemplate\":\"https:\/\/equitherapie-bourgogne.fr\/?s={search_term_string}\"},\"query-input\":{\"@type\":\"PropertyValueSpecification\",\"valueRequired\":true,\"valueName\":\"search_term_string\"}}],\"inLanguage\":\"fr-FR\"}]}<\/script>\n<!-- \/ Yoast SEO plugin. -->","yoast_head_json":{"title":"Stage \u00c9quitation Sensitive : fluidit\u00e9, subtilit\u00e9 et conscience corporelle. - A Cheval sur Soi","robots":{"index":"index","follow":"follow","max-snippet":"max-snippet:-1","max-image-preview":"max-image-preview:large","max-video-preview":"max-video-preview:-1"},"canonical":"https:\/\/equitherapie-bourgogne.fr\/index.php\/agenda\/stage-equitation-sensitive\/","og_locale":"fr_FR","og_type":"article","og_title":"Stage \u00c9quitation Sensitive : fluidit\u00e9, subtilit\u00e9 et conscience corporelle. - A Cheval sur Soi","og_description":"Ce stage vous invite \u00e0 explorer une \u00e9quitation fond\u00e9e sur la l\u00e9g\u00e8ret\u00e9, la compr\u00e9hension du mouvement naturel du cheval et une communication en douceur. En d\u00e9veloppant une meilleure conscience corporelle, le cavalier apprend \u00e0 se fondre dans le mouvement du...Savoir plus","og_url":"https:\/\/equitherapie-bourgogne.fr\/index.php\/agenda\/stage-equitation-sensitive\/","og_site_name":"A Cheval sur Soi","article_modified_time":"2025-03-15T12:17:37+00:00","og_image":[{"width":1240,"height":1754,"url":"https:\/\/equitherapie-bourgogne.fr\/wp-content\/uploads\/2025\/03\/480741469_603319909258085_808599654962573868_n.jpg-page-001.jpg","type":"image\/jpeg"}],"twitter_card":"summary_large_image","twitter_misc":{"Dur\u00e9e de lecture estim\u00e9e":"2 minutes"},"schema":{"@context":"https:\/\/schema.org","@graph":[{"@type":"WebPage","@id":"https:\/\/equitherapie-bourgogne.fr\/index.php\/agenda\/stage-equitation-sensitive\/","url":"https:\/\/equitherapie-bourgogne.fr\/index.php\/agenda\/stage-equitation-sensitive\/","name":"Stage \u00c9quitation Sensitive : fluidit\u00e9, subtilit\u00e9 et conscience corporelle. - A Cheval sur Soi","isPartOf":{"@id":"https:\/\/equitherapie-bourgogne.fr\/#website"},"primaryImageOfPage":{"@id":"https:\/\/equitherapie-bourgogne.fr\/index.php\/agenda\/stage-equitation-sensitive\/#primaryimage"},"image":{"@id":"https:\/\/equitherapie-bourgogne.fr\/index.php\/agenda\/stage-equitation-sensitive\/#primaryimage"},"thumbnailUrl":"https:\/\/equitherapie-bourgogne.fr\/wp-content\/uploads\/2025\/03\/480741469_603319909258085_808599654962573868_n.jpg-page-001.jpg","datePublished":"2025-03-14T10:17:42+00:00","dateModified":"2025-03-15T12:17:37+00:00","breadcrumb":{"@id":"https:\/\/equitherapie-bourgogne.fr\/index.php\/agenda\/stage-equitation-sensitive\/#breadcrumb"},"inLanguage":"fr-FR","potentialAction":[{"@type":"ReadAction","target":["https:\/\/equitherapie-bourgogne.fr\/index.php\/agenda\/stage-equitation-sensitive\/"]}]},{"@type":"ImageObject","inLanguage":"fr-FR","@id":"https:\/\/equitherapie-bourgogne.fr\/index.php\/agenda\/stage-equitation-sensitive\/#primaryimage","url":"https:\/\/equitherapie-bourgogne.fr\/wp-content\/uploads\/2025\/03\/480741469_603319909258085_808599654962573868_n.jpg-page-001.jpg","contentUrl":"https:\/\/equitherapie-bourgogne.fr\/wp-content\/uploads\/2025\/03\/480741469_603319909258085_808599654962573868_n.jpg-page-001.jpg","width":1240,"height":1754},{"@type":"BreadcrumbList","@id":"https:\/\/equitherapie-bourgogne.fr\/index.php\/agenda\/stage-equitation-sensitive\/#breadcrumb","itemListElement":[{"@type":"ListItem","position":1,"name":"Accueil","item":"https:\/\/equitherapie-bourgogne.fr\/"},{"@type":"ListItem","position":2,"name":"\u00c9v\u00e8nements","item":"https:\/\/equitherapie-bourgogne.fr\/index.php\/agenda\/"},{"@type":"ListItem","position":3,"name":"Stage \u00c9quitation Sensitive : fluidit\u00e9, subtilit\u00e9 et conscience corporelle."}]},{"@type":"WebSite","@id":"https:\/\/equitherapie-bourgogne.fr\/#website","url":"https:\/\/equitherapie-bourgogne.fr\/","name":"A Cheval sur Soi","description":"CENTRE \u00c9QUESTRE TRANSDISCIPLINAIRE","potentialAction":[{"@type":"SearchAction","target":{"@type":"EntryPoint","urlTemplate":"https:\/\/equitherapie-bourgogne.fr\/?s={search_term_string}"},"query-input":{"@type":"PropertyValueSpecification","valueRequired":true,"valueName":"search_term_string"}}],"inLanguage":"fr-FR"}]}},"_links":{"self":[{"href":"https:\/\/equitherapie-bourgogne.fr\/index.php\/wp-json\/wp\/v2\/tribe_events\/1222","targetHints":{"allow":["GET"]}}],"collection":[{"href":"https:\/\/equitherapie-bourgogne.fr\/index.php\/wp-json\/wp\/v2\/tribe_events"}],"about":[{"href":"https:\/\/equitherapie-bourgogne.fr\/index.php\/wp-json\/wp\/v2\/types\/tribe_events"}],"author":[{"embeddable":true,"href":"https:\/\/equitherapie-bourgogne.fr\/index.php\/wp-json\/wp\/v2\/users\/1"}],"replies":[{"embeddable":true,"href":"https:\/\/equitherapie-bourgogne.fr\/index.php\/wp-json\/wp\/v2\/comments?post=1222"}],"version-history":[{"count":4,"href":"https:\/\/equitherapie-bourgogne.fr\/index.php\/wp-json\/wp\/v2\/tribe_events\/1222\/revisions"}],"predecessor-version":[{"id":1229,"href":"https:\/\/equitherapie-bourgogne.fr\/index.php\/wp-json\/wp\/v2\/tribe_events\/1222\/revisions\/1229"}],"wp:featuredmedia":[{"embeddable":true,"href":"https:\/\/equitherapie-bourgogne.fr\/index.php\/wp-json\/wp\/v2\/media\/1225"}],"wp:attachment":[{"href":"https:\/\/equitherapie-bourgogne.fr\/index.php\/wp-json\/wp\/v2\/media?parent=1222"}],"wp:term":[{"taxonomy":"post_tag","embeddable":true,"href":"https:\/\/equitherapie-bourgogne.fr\/index.php\/wp-json\/wp\/v2\/tags?post=1222"},{"taxonomy":"tribe_events_cat","embeddable":true,"href":"https:\/\/equitherapie-bourgogne.fr\/index.php\/wp-json\/wp\/v2\/tribe_events_cat?post=1222"}],"curies":[{"name":"wp","href":"https:\/\/api.w.org\/{rel}","templated":true}]}}