{"id":1138,"date":"2023-06-16T15:52:24","date_gmt":"2023-06-16T13:52:24","guid":{"rendered":"https:\/\/equitherapie-bourgogne.fr\/?post_type=tribe_events&#038;p=1138"},"modified":"2023-06-16T15:52:24","modified_gmt":"2023-06-16T13:52:24","slug":"journee-adulte-a-rencontre-de-cheval-allie","status":"publish","type":"tribe_events","link":"https:\/\/equitherapie-bourgogne.fr\/index.php\/agenda\/journee-adulte-a-rencontre-de-cheval-allie\/","title":{"rendered":"Journ\u00e9e Adulte : A la rencontre de mon cheval-alli\u00e9"},"content":{"rendered":"<p>Randonn\u00e9e p\u00e9destre avec son compagnon cheval.<\/p>\n","protected":false},"excerpt":{"rendered":"<p>Randonn\u00e9e p\u00e9destre avec son compagnon cheval.<\/p>\n","protected":false},"author":1,"featured_media":1122,"comment_status":"open","ping_status":"closed","template":"","meta":{"_tribe_events_status":"","_tribe_events_status_reason":"","footnotes":""},"tags":[],"tribe_events_cat":[13,5],"class_list":["post-1138","tribe_events","type-tribe_events","status-publish","has-post-thumbnail","hentry","tribe_events_cat-journee","tribe_events_cat-randonnees","cat_journee","cat_randonnees"],"yoast_head":"<!-- This site is optimized with the Yoast SEO plugin v24.7 - https:\/\/yoast.com\/wordpress\/plugins\/seo\/ -->\n<title>Journ\u00e9e Adulte : A la rencontre de mon cheval-alli\u00e9 - A Cheval sur Soi<\/title>\n<meta name=\"robots\" content=\"index, follow, max-snippet:-1, max-image-preview:large, max-video-preview:-1\" \/>\n<link rel=\"canonical\" href=\"https:\/\/equitherapie-bourgogne.fr\/index.php\/agenda\/journee-adulte-a-rencontre-de-cheval-allie\/\" \/>\n<meta property=\"og:locale\" content=\"fr_FR\" \/>\n<meta property=\"og:type\" content=\"article\" \/>\n<meta property=\"og:title\" content=\"Journ\u00e9e Adulte : A la rencontre de mon cheval-alli\u00e9 - A Cheval sur Soi\" \/>\n<meta property=\"og:description\" content=\"Randonn\u00e9e p\u00e9destre avec son compagnon cheval.\" \/>\n<meta property=\"og:url\" content=\"https:\/\/equitherapie-bourgogne.fr\/index.php\/agenda\/journee-adulte-a-rencontre-de-cheval-allie\/\" \/>\n<meta property=\"og:site_name\" content=\"A Cheval sur Soi\" \/>\n<meta property=\"og:image\" content=\"https:\/\/equitherapie-bourgogne.fr\/wp-content\/uploads\/2023\/06\/Adultes.jpg\" \/>\n\t<meta property=\"og:image:width\" content=\"1587\" \/>\n\t<meta property=\"og:image:height\" content=\"2245\" \/>\n\t<meta property=\"og:image:type\" content=\"image\/jpeg\" \/>\n<meta name=\"twitter:card\" content=\"summary_large_image\" \/>\n<script type=\"application\/ld+json\" class=\"yoast-schema-graph\">{\"@context\":\"https:\/\/schema.org\",\"@graph\":[{\"@type\":\"WebPage\",\"@id\":\"https:\/\/equitherapie-bourgogne.fr\/index.php\/agenda\/journee-adulte-a-rencontre-de-cheval-allie\/\",\"url\":\"https:\/\/equitherapie-bourgogne.fr\/index.php\/agenda\/journee-adulte-a-rencontre-de-cheval-allie\/\",\"name\":\"Journ\u00e9e Adulte : A la rencontre de mon cheval-alli\u00e9 - A Cheval sur Soi\",\"isPartOf\":{\"@id\":\"https:\/\/equitherapie-bourgogne.fr\/#website\"},\"primaryImageOfPage\":{\"@id\":\"https:\/\/equitherapie-bourgogne.fr\/index.php\/agenda\/journee-adulte-a-rencontre-de-cheval-allie\/#primaryimage\"},\"image\":{\"@id\":\"https:\/\/equitherapie-bourgogne.fr\/index.php\/agenda\/journee-adulte-a-rencontre-de-cheval-allie\/#primaryimage\"},\"thumbnailUrl\":\"https:\/\/equitherapie-bourgogne.fr\/wp-content\/uploads\/2023\/06\/Adultes.jpg\",\"datePublished\":\"2023-06-16T13:52:24+00:00\",\"breadcrumb\":{\"@id\":\"https:\/\/equitherapie-bourgogne.fr\/index.php\/agenda\/journee-adulte-a-rencontre-de-cheval-allie\/#breadcrumb\"},\"inLanguage\":\"fr-FR\",\"potentialAction\":[{\"@type\":\"ReadAction\",\"target\":[\"https:\/\/equitherapie-bourgogne.fr\/index.php\/agenda\/journee-adulte-a-rencontre-de-cheval-allie\/\"]}]},{\"@type\":\"ImageObject\",\"inLanguage\":\"fr-FR\",\"@id\":\"https:\/\/equitherapie-bourgogne.fr\/index.php\/agenda\/journee-adulte-a-rencontre-de-cheval-allie\/#primaryimage\",\"url\":\"https:\/\/equitherapie-bourgogne.fr\/wp-content\/uploads\/2023\/06\/Adultes.jpg\",\"contentUrl\":\"https:\/\/equitherapie-bourgogne.fr\/wp-content\/uploads\/2023\/06\/Adultes.jpg\",\"width\":1587,\"height\":2245},{\"@type\":\"BreadcrumbList\",\"@id\":\"https:\/\/equitherapie-bourgogne.fr\/index.php\/agenda\/journee-adulte-a-rencontre-de-cheval-allie\/#breadcrumb\",\"itemListElement\":[{\"@type\":\"ListItem\",\"position\":1,\"name\":\"Accueil\",\"item\":\"https:\/\/equitherapie-bourgogne.fr\/\"},{\"@type\":\"ListItem\",\"position\":2,\"name\":\"\u00c9v\u00e8nements\",\"item\":\"https:\/\/equitherapie-bourgogne.fr\/index.php\/agenda\/\"},{\"@type\":\"ListItem\",\"position\":3,\"name\":\"Journ\u00e9e Adulte : A la rencontre de mon cheval-alli\u00e9\"}]},{\"@type\":\"WebSite\",\"@id\":\"https:\/\/equitherapie-bourgogne.fr\/#website\",\"url\":\"https:\/\/equitherapie-bourgogne.fr\/\",\"name\":\"A Cheval sur Soi\",\"description\":\"CENTRE \u00c9QUESTRE TRANSDISCIPLINAIRE\",\"potentialAction\":[{\"@type\":\"SearchAction\",\"target\":{\"@type\":\"EntryPoint\",\"urlTemplate\":\"https:\/\/equitherapie-bourgogne.fr\/?s={search_term_string}\"},\"query-input\":{\"@type\":\"PropertyValueSpecification\",\"valueRequired\":true,\"valueName\":\"search_term_string\"}}],\"inLanguage\":\"fr-FR\"}]}<\/script>\n<!-- \/ Yoast SEO plugin. -->","yoast_head_json":{"title":"Journ\u00e9e Adulte : A la rencontre de mon cheval-alli\u00e9 - A Cheval sur Soi","robots":{"index":"index","follow":"follow","max-snippet":"max-snippet:-1","max-image-preview":"max-image-preview:large","max-video-preview":"max-video-preview:-1"},"canonical":"https:\/\/equitherapie-bourgogne.fr\/index.php\/agenda\/journee-adulte-a-rencontre-de-cheval-allie\/","og_locale":"fr_FR","og_type":"article","og_title":"Journ\u00e9e Adulte : A la rencontre de mon cheval-alli\u00e9 - A Cheval sur Soi","og_description":"Randonn\u00e9e p\u00e9destre avec son compagnon cheval.","og_url":"https:\/\/equitherapie-bourgogne.fr\/index.php\/agenda\/journee-adulte-a-rencontre-de-cheval-allie\/","og_site_name":"A Cheval sur Soi","og_image":[{"width":1587,"height":2245,"url":"https:\/\/equitherapie-bourgogne.fr\/wp-content\/uploads\/2023\/06\/Adultes.jpg","type":"image\/jpeg"}],"twitter_card":"summary_large_image","schema":{"@context":"https:\/\/schema.org","@graph":[{"@type":"WebPage","@id":"https:\/\/equitherapie-bourgogne.fr\/index.php\/agenda\/journee-adulte-a-rencontre-de-cheval-allie\/","url":"https:\/\/equitherapie-bourgogne.fr\/index.php\/agenda\/journee-adulte-a-rencontre-de-cheval-allie\/","name":"Journ\u00e9e Adulte : A la rencontre de mon cheval-alli\u00e9 - A Cheval sur Soi","isPartOf":{"@id":"https:\/\/equitherapie-bourgogne.fr\/#website"},"primaryImageOfPage":{"@id":"https:\/\/equitherapie-bourgogne.fr\/index.php\/agenda\/journee-adulte-a-rencontre-de-cheval-allie\/#primaryimage"},"image":{"@id":"https:\/\/equitherapie-bourgogne.fr\/index.php\/agenda\/journee-adulte-a-rencontre-de-cheval-allie\/#primaryimage"},"thumbnailUrl":"https:\/\/equitherapie-bourgogne.fr\/wp-content\/uploads\/2023\/06\/Adultes.jpg","datePublished":"2023-06-16T13:52:24+00:00","breadcrumb":{"@id":"https:\/\/equitherapie-bourgogne.fr\/index.php\/agenda\/journee-adulte-a-rencontre-de-cheval-allie\/#breadcrumb"},"inLanguage":"fr-FR","potentialAction":[{"@type":"ReadAction","target":["https:\/\/equitherapie-bourgogne.fr\/index.php\/agenda\/journee-adulte-a-rencontre-de-cheval-allie\/"]}]},{"@type":"ImageObject","inLanguage":"fr-FR","@id":"https:\/\/equitherapie-bourgogne.fr\/index.php\/agenda\/journee-adulte-a-rencontre-de-cheval-allie\/#primaryimage","url":"https:\/\/equitherapie-bourgogne.fr\/wp-content\/uploads\/2023\/06\/Adultes.jpg","contentUrl":"https:\/\/equitherapie-bourgogne.fr\/wp-content\/uploads\/2023\/06\/Adultes.jpg","width":1587,"height":2245},{"@type":"BreadcrumbList","@id":"https:\/\/equitherapie-bourgogne.fr\/index.php\/agenda\/journee-adulte-a-rencontre-de-cheval-allie\/#breadcrumb","itemListElement":[{"@type":"ListItem","position":1,"name":"Accueil","item":"https:\/\/equitherapie-bourgogne.fr\/"},{"@type":"ListItem","position":2,"name":"\u00c9v\u00e8nements","item":"https:\/\/equitherapie-bourgogne.fr\/index.php\/agenda\/"},{"@type":"ListItem","position":3,"name":"Journ\u00e9e Adulte : A la rencontre de mon cheval-alli\u00e9"}]},{"@type":"WebSite","@id":"https:\/\/equitherapie-bourgogne.fr\/#website","url":"https:\/\/equitherapie-bourgogne.fr\/","name":"A Cheval sur Soi","description":"CENTRE \u00c9QUESTRE TRANSDISCIPLINAIRE","potentialAction":[{"@type":"SearchAction","target":{"@type":"EntryPoint","urlTemplate":"https:\/\/equitherapie-bourgogne.fr\/?s={search_term_string}"},"query-input":{"@type":"PropertyValueSpecification","valueRequired":true,"valueName":"search_term_string"}}],"inLanguage":"fr-FR"}]}},"_links":{"self":[{"href":"https:\/\/equitherapie-bourgogne.fr\/index.php\/wp-json\/wp\/v2\/tribe_events\/1138","targetHints":{"allow":["GET"]}}],"collection":[{"href":"https:\/\/equitherapie-bourgogne.fr\/index.php\/wp-json\/wp\/v2\/tribe_events"}],"about":[{"href":"https:\/\/equitherapie-bourgogne.fr\/index.php\/wp-json\/wp\/v2\/types\/tribe_events"}],"author":[{"embeddable":true,"href":"https:\/\/equitherapie-bourgogne.fr\/index.php\/wp-json\/wp\/v2\/users\/1"}],"replies":[{"embeddable":true,"href":"https:\/\/equitherapie-bourgogne.fr\/index.php\/wp-json\/wp\/v2\/comments?post=1138"}],"version-history":[{"count":1,"href":"https:\/\/equitherapie-bourgogne.fr\/index.php\/wp-json\/wp\/v2\/tribe_events\/1138\/revisions"}],"predecessor-version":[{"id":1139,"href":"https:\/\/equitherapie-bourgogne.fr\/index.php\/wp-json\/wp\/v2\/tribe_events\/1138\/revisions\/1139"}],"wp:featuredmedia":[{"embeddable":true,"href":"https:\/\/equitherapie-bourgogne.fr\/index.php\/wp-json\/wp\/v2\/media\/1122"}],"wp:attachment":[{"href":"https:\/\/equitherapie-bourgogne.fr\/index.php\/wp-json\/wp\/v2\/media?parent=1138"}],"wp:term":[{"taxonomy":"post_tag","embeddable":true,"href":"https:\/\/equitherapie-bourgogne.fr\/index.php\/wp-json\/wp\/v2\/tags?post=1138"},{"taxonomy":"tribe_events_cat","embeddable":true,"href":"https:\/\/equitherapie-bourgogne.fr\/index.php\/wp-json\/wp\/v2\/tribe_events_cat?post=1138"}],"curies":[{"name":"wp","href":"https:\/\/api.w.org\/{rel}","templated":true}]}}