{"id":89,"date":"2016-11-03T05:45:58","date_gmt":"2016-11-03T04:45:58","guid":{"rendered":"http:\/\/equitherapie-bourgogne.fr\/?page_id=89"},"modified":"2025-03-18T14:07:01","modified_gmt":"2025-03-18T13:07:01","slug":"equipe","status":"publish","type":"page","link":"https:\/\/equitherapie-bourgogne.fr\/index.php\/lequitherapie-en-bourgogne\/equipe\/","title":{"rendered":"\u00c9quipe"},"content":{"rendered":"<div id=\"pl-89\"  class=\"panel-layout\" ><div id=\"pg-89-0\"  class=\"panel-grid panel-no-style\" ><div id=\"pgc-89-0-0\"  class=\"panel-grid-cell\" ><div id=\"panel-89-0-0-0\" class=\"so-panel widget widget_sow-editor panel-first-child\" data-index=\"0\" ><div\n\t\t\t\n\t\t\tclass=\"so-widget-sow-editor so-widget-sow-editor-base\"\n\t\t\t\n\t\t>\n<div class=\"siteorigin-widget-tinymce textwidget\">\n\t<p style=\"padding-left: 30px;\"><span style=\"color: #000000;\"><img loading=\"lazy\" decoding=\"async\" class=\"alignleft size-thumbnail wp-image-205\" src=\"http:\/\/equitherapie-bourgogne.fr\/wp-content\/uploads\/2016\/11\/NathalieFrilley-150x150.jpg\" alt=\"NathalieFrilley\" width=\"150\" height=\"150\" data-id=\"205\" \/><\/span><strong>Nathalie FRILLEY<br \/> <\/strong><\/p>\n<p style=\"padding-left: 30px;\" align=\"JUSTIFY\"><span style=\"color: #000000;\">Elle a fond\u00e9 l\u2019association en 2006\u00a0. Elle prend en charge l\u2019enseignement de l\u2019\u00e9quitation et la psychoth\u00e9rapie assist\u00e9e, ainsi que l'organisation globale du centre. <\/span><\/p>\n<p style=\"padding-left: 30px;\" align=\"JUSTIFY\"><span style=\"color: #800000;\"><em><u>Formation\u00a0:<\/u><\/em><\/span><span style=\"color: #000000;\"><em> Th\u00e9rapeute avec le Cheval (FENTAC) <a href=\"http:\/\/www.fentac.org\/index.php\">http:\/\/www.fentac.org\/index.php<\/a>, Brevet d\u2019\u00c9tat d'Enseignante d\u2019\u00c9quitation <a href=\"http:\/\/www.creps-bourgogne.fr\/\">http:\/\/www.creps-bourgogne.fr\/<\/a>, Capacit\u00e9 de psychop\u00e9dagogie <a href=\"https:\/\/www.u-bourgogne.fr\/\">https:\/\/www.u-bourgogne.fr\/<\/a>, DEA de Physiopathologie humaine\u00a0<a href=\"http:\/\/www.univ-tlse3.fr\/accueil-+\/\">http:\/\/www.univ-tlse3.fr\/accueil-+\/<\/a><\/em><\/span><\/p>\n<\/div>\n<\/div><\/div><div id=\"panel-89-0-0-1\" class=\"so-panel widget widget_sow-editor\" data-index=\"1\" ><div\n\t\t\t\n\t\t\tclass=\"so-widget-sow-editor so-widget-sow-editor-base\"\n\t\t\t\n\t\t>\n<div class=\"siteorigin-widget-tinymce textwidget\">\n\t<p>\u00a0<\/p>\n<p><img loading=\"lazy\" decoding=\"async\" class=\"wp-image-1235 alignleft\" src=\"https:\/\/equitherapie-bourgogne.fr\/wp-content\/uploads\/2016\/11\/Laetitia.jpg\" alt=\"Laetitia\" width=\"146\" height=\"124\" data-id=\"1235\" srcset=\"https:\/\/equitherapie-bourgogne.fr\/wp-content\/uploads\/2016\/11\/Laetitia.jpg 4033w, https:\/\/equitherapie-bourgogne.fr\/wp-content\/uploads\/2016\/11\/Laetitia-707x600.jpg 707w, https:\/\/equitherapie-bourgogne.fr\/wp-content\/uploads\/2016\/11\/Laetitia-768x652.jpg 768w, https:\/\/equitherapie-bourgogne.fr\/wp-content\/uploads\/2016\/11\/Laetitia-613x520.jpg 613w, https:\/\/equitherapie-bourgogne.fr\/wp-content\/uploads\/2016\/11\/Laetitia-1170x993.jpg 1170w\" sizes=\"auto, (max-width: 146px) 100vw, 146px\" \/><\/p>\n<p style=\"padding-left: 180px;\"><strong>Laetitia MARTY<\/strong><\/p>\n<p style=\"padding-left: 180px;\" align=\"JUSTIFY\"><span style=\"color: #000000;\">Venue au centre en octobre 2015, elle s\u2019occupe des chevaux et de la <\/span><span style=\"color: #000000;\"><strong>T<\/strong><\/span><span style=\"color: #000000;\">h\u00e9rapie <\/span><span style=\"color: #000000;\"><strong>A<\/strong><\/span><span style=\"color: #000000;\">vec le <\/span><span style=\"color: #000000;\"><strong>C<\/strong><\/span><span style=\"color: #000000;\">heval. <\/span><\/p>\n<p style=\"padding-left: 180px;\" align=\"JUSTIFY\"><span style=\"color: #800000;\"><em><u>Formation\u00a0:<\/u><\/em><\/span> Ps<em>ycho-<\/em><span style=\"color: #000000;\"><em>Praticienne en M\u00e9diation \u00c9quine (Cheval Emoi) <a href=\"http:\/\/www.cheval-emoi.org\/index.php\/les-formations\">http:\/\/www.cheval-emoi.org\/index.php\/les-formations<\/a>, \u00c9ducatrice sp\u00e9cialis\u00e9e (DEES) <a href=\"http:\/\/www.erasme.fr\/\">http:\/\/www.erasme.fr\/<\/a>, Licenci\u00e9e de science de l'\u00e9ducation <a href=\"https:\/\/www.univ-tlse2.fr\/accueil\/formation-insertion\/licence-sciences-de-leducation-1\">https:\/\/www.univ-tlse2.fr\/accueil\/formation-insertion\/licence-sciences-de-leducation-1<\/a>,Certificat de pratique de la Communication Non-Violente, niveau 1.\u00a0<a href=\"https:\/\/peacefactory.fr\/\">https:\/\/peacefactory.fr\/<\/a>, BAPAAT Randonn\u00e9e \u00e9questre.<\/em><\/span><\/p>\n<\/div>\n<\/div><\/div><div id=\"panel-89-0-0-2\" class=\"so-panel widget widget_sow-editor\" data-index=\"2\" ><div\n\t\t\t\n\t\t\tclass=\"so-widget-sow-editor so-widget-sow-editor-base\"\n\t\t\t\n\t\t>\n<div class=\"siteorigin-widget-tinymce textwidget\">\n\t<p style=\"padding-left: 30px;\" align=\"JUSTIFY\">\u00a0<\/p>\n<hr style=\"padding-left: 30px;\" \/>\n<p style=\"padding-left: 30px;\"><strong>Charl\u00e8ne MELIANI<\/strong><\/p>\n<p style=\"padding-left: 30px;\" align=\"JUSTIFY\"><span style=\"color: #000000;\">Arriv\u00e9e au centre octobre 2021, elle s\u2019occupe des chevaux et de la <\/span><span style=\"color: #000000;\"><strong>T<\/strong><\/span><span style=\"color: #000000;\">h\u00e9rapie <\/span><span style=\"color: #000000;\"><strong>A<\/strong><\/span><span style=\"color: #000000;\">vec le <\/span><span style=\"color: #000000;\"><strong>C<\/strong><\/span><span style=\"color: #000000;\">heval. <\/span><\/p>\n<p style=\"padding-left: 30px;\" align=\"JUSTIFY\"><span style=\"color: #800000;\"><em><u>Formation\u00a0:<\/u><\/em><\/span> <span style=\"color: #000000;\"><em>Psycho-Praticienne \u00e0 M\u00e9diation \u00c9quine (Cheval Emoi) <a href=\"http:\/\/www.cheval-emoi.org\/index.php\/les-formations\">http:\/\/www.cheval-emoi.org\/index.php\/les-formations<\/a>, Monitrice-\u00c9ducatrice (DEME), CQP Animatrice-Soigneuse Assistante (CQP ASA)<\/em><\/span><\/p>\n<\/div>\n<\/div><\/div><div id=\"panel-89-0-0-3\" class=\"so-panel widget widget_sow-editor panel-last-child\" data-index=\"3\" ><div\n\t\t\t\n\t\t\tclass=\"so-widget-sow-editor so-widget-sow-editor-base\"\n\t\t\t\n\t\t>\n<div class=\"siteorigin-widget-tinymce textwidget\">\n\t<hr style=\"padding-left: 30px;\" \/>\n<p style=\"padding-left: 30px;\"><strong><span style=\"color: #000000;\"><img loading=\"lazy\" decoding=\"async\" class=\"alignleft size-thumbnail wp-image-207\" src=\"http:\/\/equitherapie-bourgogne.fr\/wp-content\/uploads\/2016\/11\/ChrystopheGOURDET-150x150.jpg\" alt=\"ChrystopheGOURDET\" width=\"150\" height=\"150\" data-id=\"207\" \/>Chrystophe GOURDET<\/span><\/strong><\/p>\n<p style=\"padding-left: 30px;\"><span style=\"color: #000000;\">Au centre depuis ao\u00fbt 2013, il est en charge de tout la maintenance du lieu et s\u2019occupe d'enseigner le tir \u00e0 l'arc \u00e0 cheval. <\/span><\/p>\n<p style=\"padding-left: 30px;\"><span style=\"color: #800000;\"><em><u>Formation\u00a0:<\/u><\/em><\/span><em><span style=\"color: #000000;\">\u00a0Accompagnateur de Tourisme \u00c9questre <a href=\"https:\/\/www.ffe.com\/tourisme\">https:\/\/www.ffe.com\/tourisme<\/a>, BPRA <a href=\"http:\/\/formavenir.pronde.net\/index.php\">http:\/\/formavenir.pronde.net\/index.php<\/a>, Champion d\u2019Europe de tir \u00e0<\/span><\/em> <span style=\"color: #000000;\"><em>l\u2019arc <a href=\"http:\/\/www.ffta.fr\/\">http:\/\/www.ffta.fr\/<\/a><\/em><\/span><\/p>\n<p style=\"padding-left: 30px;\">\u00a0<\/p>\n<p style=\"padding-left: 30px;\">\u00a0<\/p>\n<p style=\"padding-left: 30px;\"><span style=\"color: #000000;\">Nous accueillons et formons \u00e9galement des <\/span><span style=\"color: #000000;\"><strong>apprentis<\/strong><\/span><span style=\"color: #000000;\">, des <\/span><span style=\"color: #000000;\"><strong>stagiaires<\/strong><\/span><span style=\"color: #000000;\"> et des <\/span><span style=\"color: #000000;\"><strong>b\u00e9n\u00e9voles<\/strong><\/span><span style=\"color: #000000;\"> qui viennent enrichir l'\u00e9quipe au gr\u00e9 de leur personnalit\u00e9 et exp\u00e9rience.<\/span><\/p>\n<p style=\"padding-left: 30px;\"><span style=\"color: #000000;\">Le caract\u00e8re transdisciplinaire de l'\u00e9quipe du centre offre une large palette de comp\u00e9tences permettant d'assurer des s\u00e9ances de qualit\u00e9.<\/span><\/p>\n<\/div>\n<\/div><\/div><\/div><\/div><\/div>","protected":false},"excerpt":{"rendered":"<p>Nathalie FRILLEY Elle a fond\u00e9 l\u2019association en 2006\u00a0. Elle prend en charge l\u2019enseignement de l\u2019\u00e9quitation et la psychoth\u00e9rapie assist\u00e9e, ainsi que l&rsquo;organisation globale du centre. Formation\u00a0: Th\u00e9rapeute avec le Cheval (FENTAC) http:\/\/www.fentac.org\/index.php, Brevet d\u2019\u00c9tat d&rsquo;Enseignante d\u2019\u00c9quitation http:\/\/www.creps-bourgogne.fr\/, Capacit\u00e9 de psychop\u00e9dagogie&#8230;<br \/><a class=\"read-more-button\" href=\"https:\/\/equitherapie-bourgogne.fr\/index.php\/lequitherapie-en-bourgogne\/equipe\/\">Savoir plus<\/a><\/p>\n","protected":false},"author":1,"featured_media":0,"parent":19,"menu_order":0,"comment_status":"closed","ping_status":"closed","template":"template-full-width.php","meta":{"footnotes":""},"class_list":["post-89","page","type-page","status-publish","hentry"],"yoast_head":"<!-- This site is optimized with the Yoast SEO plugin v24.7 - https:\/\/yoast.com\/wordpress\/plugins\/seo\/ -->\n<title>L&#039;\u00e9quipe du centre A Cheval Sur Soi : th\u00e9rapeutres avec le cheval,<\/title>\n<meta name=\"description\" content=\"L&#039;\u00e9quipe du centre A Cheval Sur Soi est form\u00e9e de th\u00e9rapeutres avec le cheval (FENTAC), \u00e9ducateurs sp\u00e9cialis\u00e9s, accompagnateur de tourisme \u00e9questre\" \/>\n<meta name=\"robots\" content=\"index, follow, max-snippet:-1, max-image-preview:large, max-video-preview:-1\" \/>\n<link rel=\"canonical\" href=\"https:\/\/equitherapie-bourgogne.fr\/index.php\/lequitherapie-en-bourgogne\/equipe\/\" \/>\n<meta property=\"og:locale\" content=\"fr_FR\" \/>\n<meta property=\"og:type\" content=\"article\" \/>\n<meta property=\"og:title\" content=\"L&#039;\u00e9quipe du centre A Cheval Sur Soi : th\u00e9rapeutres avec le cheval,\" \/>\n<meta property=\"og:description\" content=\"L&#039;\u00e9quipe du centre A Cheval Sur Soi est form\u00e9e de th\u00e9rapeutres avec le cheval (FENTAC), \u00e9ducateurs sp\u00e9cialis\u00e9s, accompagnateur de tourisme \u00e9questre\" \/>\n<meta property=\"og:url\" content=\"https:\/\/equitherapie-bourgogne.fr\/index.php\/lequitherapie-en-bourgogne\/equipe\/\" \/>\n<meta property=\"og:site_name\" content=\"A Cheval sur Soi\" \/>\n<meta property=\"article:modified_time\" content=\"2025-03-18T13:07:01+00:00\" \/>\n<meta property=\"og:image\" content=\"https:\/\/equitherapie-bourgogne.fr\/wp-content\/uploads\/2016\/11\/NathalieFrilley.jpg\" \/>\n\t<meta property=\"og:image:width\" content=\"433\" \/>\n\t<meta property=\"og:image:height\" content=\"515\" \/>\n\t<meta property=\"og:image:type\" content=\"image\/jpeg\" \/>\n<meta name=\"twitter:card\" content=\"summary_large_image\" \/>\n<meta name=\"twitter:label1\" content=\"Dur\u00e9e de lecture estim\u00e9e\" \/>\n\t<meta name=\"twitter:data1\" content=\"2 minutes\" \/>\n<script type=\"application\/ld+json\" class=\"yoast-schema-graph\">{\"@context\":\"https:\/\/schema.org\",\"@graph\":[{\"@type\":\"WebPage\",\"@id\":\"https:\/\/equitherapie-bourgogne.fr\/index.php\/lequitherapie-en-bourgogne\/equipe\/\",\"url\":\"https:\/\/equitherapie-bourgogne.fr\/index.php\/lequitherapie-en-bourgogne\/equipe\/\",\"name\":\"L'\u00e9quipe du centre A Cheval Sur Soi : th\u00e9rapeutres avec le cheval,\",\"isPartOf\":{\"@id\":\"https:\/\/equitherapie-bourgogne.fr\/#website\"},\"primaryImageOfPage\":{\"@id\":\"https:\/\/equitherapie-bourgogne.fr\/index.php\/lequitherapie-en-bourgogne\/equipe\/#primaryimage\"},\"image\":{\"@id\":\"https:\/\/equitherapie-bourgogne.fr\/index.php\/lequitherapie-en-bourgogne\/equipe\/#primaryimage\"},\"thumbnailUrl\":\"http:\/\/equitherapie-bourgogne.fr\/wp-content\/uploads\/2016\/11\/NathalieFrilley-150x150.jpg\",\"datePublished\":\"2016-11-03T04:45:58+00:00\",\"dateModified\":\"2025-03-18T13:07:01+00:00\",\"description\":\"L'\u00e9quipe du centre A Cheval Sur Soi est form\u00e9e de th\u00e9rapeutres avec le cheval (FENTAC), \u00e9ducateurs sp\u00e9cialis\u00e9s, accompagnateur de tourisme \u00e9questre\",\"breadcrumb\":{\"@id\":\"https:\/\/equitherapie-bourgogne.fr\/index.php\/lequitherapie-en-bourgogne\/equipe\/#breadcrumb\"},\"inLanguage\":\"fr-FR\",\"potentialAction\":[{\"@type\":\"ReadAction\",\"target\":[\"https:\/\/equitherapie-bourgogne.fr\/index.php\/lequitherapie-en-bourgogne\/equipe\/\"]}]},{\"@type\":\"ImageObject\",\"inLanguage\":\"fr-FR\",\"@id\":\"https:\/\/equitherapie-bourgogne.fr\/index.php\/lequitherapie-en-bourgogne\/equipe\/#primaryimage\",\"url\":\"http:\/\/equitherapie-bourgogne.fr\/wp-content\/uploads\/2016\/11\/NathalieFrilley-150x150.jpg\",\"contentUrl\":\"http:\/\/equitherapie-bourgogne.fr\/wp-content\/uploads\/2016\/11\/NathalieFrilley-150x150.jpg\"},{\"@type\":\"BreadcrumbList\",\"@id\":\"https:\/\/equitherapie-bourgogne.fr\/index.php\/lequitherapie-en-bourgogne\/equipe\/#breadcrumb\",\"itemListElement\":[{\"@type\":\"ListItem\",\"position\":1,\"name\":\"Accueil\",\"item\":\"https:\/\/equitherapie-bourgogne.fr\/\"},{\"@type\":\"ListItem\",\"position\":2,\"name\":\"A Cheval Sur Soi\",\"item\":\"https:\/\/equitherapie-bourgogne.fr\/\"},{\"@type\":\"ListItem\",\"position\":3,\"name\":\"\u00c9quipe\"}]},{\"@type\":\"WebSite\",\"@id\":\"https:\/\/equitherapie-bourgogne.fr\/#website\",\"url\":\"https:\/\/equitherapie-bourgogne.fr\/\",\"name\":\"A Cheval sur Soi\",\"description\":\"CENTRE \u00c9QUESTRE TRANSDISCIPLINAIRE\",\"potentialAction\":[{\"@type\":\"SearchAction\",\"target\":{\"@type\":\"EntryPoint\",\"urlTemplate\":\"https:\/\/equitherapie-bourgogne.fr\/?s={search_term_string}\"},\"query-input\":{\"@type\":\"PropertyValueSpecification\",\"valueRequired\":true,\"valueName\":\"search_term_string\"}}],\"inLanguage\":\"fr-FR\"}]}<\/script>\n<!-- \/ Yoast SEO plugin. -->","yoast_head_json":{"title":"L'\u00e9quipe du centre A Cheval Sur Soi : th\u00e9rapeutres avec le cheval,","description":"L'\u00e9quipe du centre A Cheval Sur Soi est form\u00e9e de th\u00e9rapeutres avec le cheval (FENTAC), \u00e9ducateurs sp\u00e9cialis\u00e9s, accompagnateur de tourisme \u00e9questre","robots":{"index":"index","follow":"follow","max-snippet":"max-snippet:-1","max-image-preview":"max-image-preview:large","max-video-preview":"max-video-preview:-1"},"canonical":"https:\/\/equitherapie-bourgogne.fr\/index.php\/lequitherapie-en-bourgogne\/equipe\/","og_locale":"fr_FR","og_type":"article","og_title":"L'\u00e9quipe du centre A Cheval Sur Soi : th\u00e9rapeutres avec le cheval,","og_description":"L'\u00e9quipe du centre A Cheval Sur Soi est form\u00e9e de th\u00e9rapeutres avec le cheval (FENTAC), \u00e9ducateurs sp\u00e9cialis\u00e9s, accompagnateur de tourisme \u00e9questre","og_url":"https:\/\/equitherapie-bourgogne.fr\/index.php\/lequitherapie-en-bourgogne\/equipe\/","og_site_name":"A Cheval sur Soi","article_modified_time":"2025-03-18T13:07:01+00:00","og_image":[{"width":433,"height":515,"url":"https:\/\/equitherapie-bourgogne.fr\/wp-content\/uploads\/2016\/11\/NathalieFrilley.jpg","type":"image\/jpeg"}],"twitter_card":"summary_large_image","twitter_misc":{"Dur\u00e9e de lecture estim\u00e9e":"2 minutes"},"schema":{"@context":"https:\/\/schema.org","@graph":[{"@type":"WebPage","@id":"https:\/\/equitherapie-bourgogne.fr\/index.php\/lequitherapie-en-bourgogne\/equipe\/","url":"https:\/\/equitherapie-bourgogne.fr\/index.php\/lequitherapie-en-bourgogne\/equipe\/","name":"L'\u00e9quipe du centre A Cheval Sur Soi : th\u00e9rapeutres avec le cheval,","isPartOf":{"@id":"https:\/\/equitherapie-bourgogne.fr\/#website"},"primaryImageOfPage":{"@id":"https:\/\/equitherapie-bourgogne.fr\/index.php\/lequitherapie-en-bourgogne\/equipe\/#primaryimage"},"image":{"@id":"https:\/\/equitherapie-bourgogne.fr\/index.php\/lequitherapie-en-bourgogne\/equipe\/#primaryimage"},"thumbnailUrl":"http:\/\/equitherapie-bourgogne.fr\/wp-content\/uploads\/2016\/11\/NathalieFrilley-150x150.jpg","datePublished":"2016-11-03T04:45:58+00:00","dateModified":"2025-03-18T13:07:01+00:00","description":"L'\u00e9quipe du centre A Cheval Sur Soi est form\u00e9e de th\u00e9rapeutres avec le cheval (FENTAC), \u00e9ducateurs sp\u00e9cialis\u00e9s, accompagnateur de tourisme \u00e9questre","breadcrumb":{"@id":"https:\/\/equitherapie-bourgogne.fr\/index.php\/lequitherapie-en-bourgogne\/equipe\/#breadcrumb"},"inLanguage":"fr-FR","potentialAction":[{"@type":"ReadAction","target":["https:\/\/equitherapie-bourgogne.fr\/index.php\/lequitherapie-en-bourgogne\/equipe\/"]}]},{"@type":"ImageObject","inLanguage":"fr-FR","@id":"https:\/\/equitherapie-bourgogne.fr\/index.php\/lequitherapie-en-bourgogne\/equipe\/#primaryimage","url":"http:\/\/equitherapie-bourgogne.fr\/wp-content\/uploads\/2016\/11\/NathalieFrilley-150x150.jpg","contentUrl":"http:\/\/equitherapie-bourgogne.fr\/wp-content\/uploads\/2016\/11\/NathalieFrilley-150x150.jpg"},{"@type":"BreadcrumbList","@id":"https:\/\/equitherapie-bourgogne.fr\/index.php\/lequitherapie-en-bourgogne\/equipe\/#breadcrumb","itemListElement":[{"@type":"ListItem","position":1,"name":"Accueil","item":"https:\/\/equitherapie-bourgogne.fr\/"},{"@type":"ListItem","position":2,"name":"A Cheval Sur Soi","item":"https:\/\/equitherapie-bourgogne.fr\/"},{"@type":"ListItem","position":3,"name":"\u00c9quipe"}]},{"@type":"WebSite","@id":"https:\/\/equitherapie-bourgogne.fr\/#website","url":"https:\/\/equitherapie-bourgogne.fr\/","name":"A Cheval sur Soi","description":"CENTRE \u00c9QUESTRE TRANSDISCIPLINAIRE","potentialAction":[{"@type":"SearchAction","target":{"@type":"EntryPoint","urlTemplate":"https:\/\/equitherapie-bourgogne.fr\/?s={search_term_string}"},"query-input":{"@type":"PropertyValueSpecification","valueRequired":true,"valueName":"search_term_string"}}],"inLanguage":"fr-FR"}]}},"_links":{"self":[{"href":"https:\/\/equitherapie-bourgogne.fr\/index.php\/wp-json\/wp\/v2\/pages\/89","targetHints":{"allow":["GET"]}}],"collection":[{"href":"https:\/\/equitherapie-bourgogne.fr\/index.php\/wp-json\/wp\/v2\/pages"}],"about":[{"href":"https:\/\/equitherapie-bourgogne.fr\/index.php\/wp-json\/wp\/v2\/types\/page"}],"author":[{"embeddable":true,"href":"https:\/\/equitherapie-bourgogne.fr\/index.php\/wp-json\/wp\/v2\/users\/1"}],"replies":[{"embeddable":true,"href":"https:\/\/equitherapie-bourgogne.fr\/index.php\/wp-json\/wp\/v2\/comments?post=89"}],"version-history":[{"count":19,"href":"https:\/\/equitherapie-bourgogne.fr\/index.php\/wp-json\/wp\/v2\/pages\/89\/revisions"}],"predecessor-version":[{"id":1236,"href":"https:\/\/equitherapie-bourgogne.fr\/index.php\/wp-json\/wp\/v2\/pages\/89\/revisions\/1236"}],"up":[{"embeddable":true,"href":"https:\/\/equitherapie-bourgogne.fr\/index.php\/wp-json\/wp\/v2\/pages\/19"}],"wp:attachment":[{"href":"https:\/\/equitherapie-bourgogne.fr\/index.php\/wp-json\/wp\/v2\/media?parent=89"}],"curies":[{"name":"wp","href":"https:\/\/api.w.org\/{rel}","templated":true}]}}