{"id":108,"date":"2016-11-03T06:38:33","date_gmt":"2016-11-03T05:38:33","guid":{"rendered":"http:\/\/equitherapie-bourgogne.fr\/?page_id=108"},"modified":"2017-05-12T23:15:57","modified_gmt":"2017-05-12T21:15:57","slug":"equitherapie","status":"publish","type":"page","link":"https:\/\/equitherapie-bourgogne.fr\/index.php\/therapie-avec-le-cheval\/equitherapie\/","title":{"rendered":"Equith\u00e9rapie"},"content":{"rendered":"<div id=\"pl-108\"  class=\"panel-layout\" ><div id=\"pg-108-0\"  class=\"panel-grid panel-no-style\" ><div id=\"pgc-108-0-0\"  class=\"panel-grid-cell\" ><div id=\"panel-108-0-0-0\" class=\"so-panel widget widget_sow-editor panel-first-child panel-last-child\" data-index=\"0\" ><div\n\t\t\t\n\t\t\tclass=\"so-widget-sow-editor so-widget-sow-editor-base\"\n\t\t\t\n\t\t>\n<div class=\"siteorigin-widget-tinymce textwidget\">\n\t<h3>L'equith\u00e9rapie est un terme g\u00e9n\u00e9rique \u00e0 destination du grand public, il a permis de communiquer largement sur divers sous-champs de la m\u00e9diation animal dont celle sp\u00e9cifique de la m\u00e9diation \u00e9quine.<\/h3>\n<p>Ce terme parfois fait l\u2019amalgame de sp\u00e9cialisations \u00e9ducatives ou th\u00e9rapeutiques comme l'\u00e9quitation adapt\u00e9, la r\u00e9\u00e9ducation par l'\u00e9quitation (hippoth\u00e9rapie), l'\u00e9quicie et la th\u00e9rapie avec le cheval (TAC).<\/p>\n<\/div>\n<\/div><\/div><\/div><div id=\"pgc-108-0-1\"  class=\"panel-grid-cell\" ><div id=\"panel-108-0-1-0\" class=\"so-panel widget widget_sow-simple-masonry panel-first-child panel-last-child\" data-index=\"1\" ><div\n\t\t\t\n\t\t\tclass=\"so-widget-sow-simple-masonry so-widget-sow-simple-masonry-default-d75171398898-108\"\n\t\t\t\n\t\t>\n\n<div class=\"sow-masonry-grid\"\n\t data-layouts=\"{&quot;desktop&quot;:{&quot;numColumns&quot;:5,&quot;rowHeight&quot;:0,&quot;gutter&quot;:0},&quot;tablet&quot;:{&quot;breakPoint&quot;:768,&quot;numColumns&quot;:2,&quot;rowHeight&quot;:0,&quot;gutter&quot;:0},&quot;mobile&quot;:{&quot;breakPoint&quot;:480,&quot;numColumns&quot;:1,&quot;rowHeight&quot;:0,&quot;gutter&quot;:0}}\" data-layout-origin-left=\"true\" >\n\t\t\t\t<div class=\"sow-masonry-grid-item\" data-col-span=\"3\"\n\t\t\t     data-row-span=\"2\">\n\t\t\t\t\n\t\t\t\t\n\t\t\t\t<img loading=\"lazy\" decoding=\"async\" width=\"3072\" height=\"2304\" src=\"https:\/\/equitherapie-bourgogne.fr\/wp-content\/uploads\/2016\/11\/Th\u00e9rapie-avec-le-cheval-3.jpg\" class=\"sow-masonry-grid-image\" alt=\"\" title=\"Th\u00e9rapie avec le cheval (3)\" srcset=\"https:\/\/equitherapie-bourgogne.fr\/wp-content\/uploads\/2016\/11\/Th\u00e9rapie-avec-le-cheval-3.jpg 3072w, https:\/\/equitherapie-bourgogne.fr\/wp-content\/uploads\/2016\/11\/Th\u00e9rapie-avec-le-cheval-3-800x600.jpg 800w, https:\/\/equitherapie-bourgogne.fr\/wp-content\/uploads\/2016\/11\/Th\u00e9rapie-avec-le-cheval-3-768x576.jpg 768w, https:\/\/equitherapie-bourgogne.fr\/wp-content\/uploads\/2016\/11\/Th\u00e9rapie-avec-le-cheval-3-693x520.jpg 693w, https:\/\/equitherapie-bourgogne.fr\/wp-content\/uploads\/2016\/11\/Th\u00e9rapie-avec-le-cheval-3-1170x878.jpg 1170w\" sizes=\"auto, (max-width: 3072px) 100vw, 3072px\" \/>\n\t\t\t\t\n\t\t\t\t\t\t\t<\/div>\n\t\t\t\t\t\t<div class=\"sow-masonry-grid-item\" data-col-span=\"2\"\n\t\t\t     data-row-span=\"2\">\n\t\t\t\t\n\t\t\t\t\n\t\t\t\t<img loading=\"lazy\" decoding=\"async\" width=\"2304\" height=\"3072\" src=\"https:\/\/equitherapie-bourgogne.fr\/wp-content\/uploads\/2016\/11\/Equith\u00e9rapie-2.jpg\" class=\"sow-masonry-grid-image\" alt=\"\" title=\"Equith\u00e9rapie (2)\" srcset=\"https:\/\/equitherapie-bourgogne.fr\/wp-content\/uploads\/2016\/11\/Equith\u00e9rapie-2.jpg 2304w, https:\/\/equitherapie-bourgogne.fr\/wp-content\/uploads\/2016\/11\/Equith\u00e9rapie-2-450x600.jpg 450w, https:\/\/equitherapie-bourgogne.fr\/wp-content\/uploads\/2016\/11\/Equith\u00e9rapie-2-768x1024.jpg 768w, https:\/\/equitherapie-bourgogne.fr\/wp-content\/uploads\/2016\/11\/Equith\u00e9rapie-2-390x520.jpg 390w, https:\/\/equitherapie-bourgogne.fr\/wp-content\/uploads\/2016\/11\/Equith\u00e9rapie-2-1170x1560.jpg 1170w\" sizes=\"auto, (max-width: 2304px) 100vw, 2304px\" \/>\n\t\t\t\t\n\t\t\t\t\t\t\t<\/div>\n\t\t\t\t\t\t<div class=\"sow-masonry-grid-item\" data-col-span=\"2\"\n\t\t\t     data-row-span=\"2\">\n\t\t\t\t\n\t\t\t\t\n\t\t\t\t<img loading=\"lazy\" decoding=\"async\" width=\"3072\" height=\"2304\" src=\"https:\/\/equitherapie-bourgogne.fr\/wp-content\/uploads\/2016\/09\/Th\u00e9rapie-avec-le-cheval-2.jpg\" class=\"sow-masonry-grid-image\" alt=\"\" title=\"Th\u00e9rapie avec le cheval (2)\" srcset=\"https:\/\/equitherapie-bourgogne.fr\/wp-content\/uploads\/2016\/09\/Th\u00e9rapie-avec-le-cheval-2.jpg 3072w, https:\/\/equitherapie-bourgogne.fr\/wp-content\/uploads\/2016\/09\/Th\u00e9rapie-avec-le-cheval-2-800x600.jpg 800w, https:\/\/equitherapie-bourgogne.fr\/wp-content\/uploads\/2016\/09\/Th\u00e9rapie-avec-le-cheval-2-768x576.jpg 768w, https:\/\/equitherapie-bourgogne.fr\/wp-content\/uploads\/2016\/09\/Th\u00e9rapie-avec-le-cheval-2-693x520.jpg 693w, https:\/\/equitherapie-bourgogne.fr\/wp-content\/uploads\/2016\/09\/Th\u00e9rapie-avec-le-cheval-2-1170x878.jpg 1170w\" sizes=\"auto, (max-width: 3072px) 100vw, 3072px\" \/>\n\t\t\t\t\n\t\t\t\t\t\t\t<\/div>\n\t\t\t\t\t\t<div class=\"sow-masonry-grid-item\" data-col-span=\"3\"\n\t\t\t     data-row-span=\"2\">\n\t\t\t\t\n\t\t\t\t\n\t\t\t\t<img loading=\"lazy\" decoding=\"async\" width=\"3072\" height=\"2304\" src=\"https:\/\/equitherapie-bourgogne.fr\/wp-content\/uploads\/2016\/11\/Equith\u00e9rapie.jpg\" class=\"sow-masonry-grid-image\" alt=\"\" title=\"\" srcset=\"https:\/\/equitherapie-bourgogne.fr\/wp-content\/uploads\/2016\/11\/Equith\u00e9rapie.jpg 3072w, https:\/\/equitherapie-bourgogne.fr\/wp-content\/uploads\/2016\/11\/Equith\u00e9rapie-800x600.jpg 800w, https:\/\/equitherapie-bourgogne.fr\/wp-content\/uploads\/2016\/11\/Equith\u00e9rapie-768x576.jpg 768w, https:\/\/equitherapie-bourgogne.fr\/wp-content\/uploads\/2016\/11\/Equith\u00e9rapie-693x520.jpg 693w, https:\/\/equitherapie-bourgogne.fr\/wp-content\/uploads\/2016\/11\/Equith\u00e9rapie-1170x878.jpg 1170w\" sizes=\"auto, (max-width: 3072px) 100vw, 3072px\" \/>\n\t\t\t\t\n\t\t\t\t\t\t\t<\/div>\n\t\t\t\n<\/div>\n<\/div><\/div><\/div><\/div><\/div>","protected":false},"excerpt":{"rendered":"<p>L&rsquo;equith\u00e9rapie est un terme g\u00e9n\u00e9rique \u00e0 destination du grand public, il a permis de communiquer largement sur divers sous-champs de la m\u00e9diation animal dont celle sp\u00e9cifique de la m\u00e9diation \u00e9quine.Ce terme parfois fait l\u2019amalgame de sp\u00e9cialisations \u00e9ducatives ou th\u00e9rapeutiques comme&#8230;<br \/><a class=\"read-more-button\" href=\"https:\/\/equitherapie-bourgogne.fr\/index.php\/therapie-avec-le-cheval\/equitherapie\/\">Savoir plus<\/a><\/p>\n","protected":false},"author":1,"featured_media":455,"parent":17,"menu_order":20,"comment_status":"closed","ping_status":"closed","template":"template-full-width.php","meta":{"footnotes":""},"class_list":["post-108","page","type-page","status-publish","has-post-thumbnail","hentry"],"yoast_head":"<!-- This site is optimized with the Yoast SEO plugin v24.7 - https:\/\/yoast.com\/wordpress\/plugins\/seo\/ -->\n<title>l&#039;equitherapie est l&#039;activit\u00e9 centrale cu centre \u00e9questre du Morvan &quot;A Cheval Sur Soi&quot;<\/title>\n<meta name=\"description\" content=\"L&#039;equitherapie d\u00e9signe est inclue dans la m\u00e9diation animale et m\u00e9diation \u00e9quine. Sp\u00e9cialisations : \u00e9quitation adapt\u00e9, hippoth\u00e9rapie, \u00e9quicie\" \/>\n<meta name=\"robots\" content=\"index, follow, max-snippet:-1, max-image-preview:large, max-video-preview:-1\" \/>\n<link rel=\"canonical\" href=\"https:\/\/equitherapie-bourgogne.fr\/index.php\/therapie-avec-le-cheval\/equitherapie\/\" \/>\n<meta property=\"og:locale\" content=\"fr_FR\" \/>\n<meta property=\"og:type\" content=\"article\" \/>\n<meta property=\"og:title\" content=\"l&#039;equitherapie est l&#039;activit\u00e9 centrale cu centre \u00e9questre du Morvan &quot;A Cheval Sur Soi&quot;\" \/>\n<meta property=\"og:description\" content=\"L&#039;equitherapie d\u00e9signe est inclue dans la m\u00e9diation animale et m\u00e9diation \u00e9quine. Sp\u00e9cialisations : \u00e9quitation adapt\u00e9, hippoth\u00e9rapie, \u00e9quicie\" \/>\n<meta property=\"og:url\" content=\"https:\/\/equitherapie-bourgogne.fr\/index.php\/therapie-avec-le-cheval\/equitherapie\/\" \/>\n<meta property=\"og:site_name\" content=\"A Cheval sur Soi\" \/>\n<meta property=\"article:modified_time\" content=\"2017-05-12T21:15:57+00:00\" \/>\n<meta property=\"og:image\" content=\"https:\/\/equitherapie-bourgogne.fr\/wp-content\/uploads\/2016\/11\/M\u00e9diation-\u00e9quine-1170x338.jpg\" \/>\n\t<meta property=\"og:image:width\" content=\"1170\" \/>\n\t<meta property=\"og:image:height\" content=\"338\" \/>\n\t<meta property=\"og:image:type\" content=\"image\/jpeg\" \/>\n<meta name=\"twitter:card\" content=\"summary_large_image\" \/>\n<script type=\"application\/ld+json\" class=\"yoast-schema-graph\">{\"@context\":\"https:\/\/schema.org\",\"@graph\":[{\"@type\":\"WebPage\",\"@id\":\"https:\/\/equitherapie-bourgogne.fr\/index.php\/therapie-avec-le-cheval\/equitherapie\/\",\"url\":\"https:\/\/equitherapie-bourgogne.fr\/index.php\/therapie-avec-le-cheval\/equitherapie\/\",\"name\":\"l'equitherapie est l'activit\u00e9 centrale cu centre \u00e9questre du Morvan \\\"A Cheval Sur Soi\\\"\",\"isPartOf\":{\"@id\":\"https:\/\/equitherapie-bourgogne.fr\/#website\"},\"primaryImageOfPage\":{\"@id\":\"https:\/\/equitherapie-bourgogne.fr\/index.php\/therapie-avec-le-cheval\/equitherapie\/#primaryimage\"},\"image\":{\"@id\":\"https:\/\/equitherapie-bourgogne.fr\/index.php\/therapie-avec-le-cheval\/equitherapie\/#primaryimage\"},\"thumbnailUrl\":\"https:\/\/equitherapie-bourgogne.fr\/wp-content\/uploads\/2016\/11\/M\u00e9diation-\u00e9quine-1170x338.jpg\",\"datePublished\":\"2016-11-03T05:38:33+00:00\",\"dateModified\":\"2017-05-12T21:15:57+00:00\",\"description\":\"L'equitherapie d\u00e9signe est inclue dans la m\u00e9diation animale et m\u00e9diation \u00e9quine. Sp\u00e9cialisations : \u00e9quitation adapt\u00e9, hippoth\u00e9rapie, \u00e9quicie\",\"breadcrumb\":{\"@id\":\"https:\/\/equitherapie-bourgogne.fr\/index.php\/therapie-avec-le-cheval\/equitherapie\/#breadcrumb\"},\"inLanguage\":\"fr-FR\",\"potentialAction\":[{\"@type\":\"ReadAction\",\"target\":[\"https:\/\/equitherapie-bourgogne.fr\/index.php\/therapie-avec-le-cheval\/equitherapie\/\"]}]},{\"@type\":\"ImageObject\",\"inLanguage\":\"fr-FR\",\"@id\":\"https:\/\/equitherapie-bourgogne.fr\/index.php\/therapie-avec-le-cheval\/equitherapie\/#primaryimage\",\"url\":\"https:\/\/equitherapie-bourgogne.fr\/wp-content\/uploads\/2016\/11\/M\u00e9diation-\u00e9quine-1170x338.jpg\",\"contentUrl\":\"https:\/\/equitherapie-bourgogne.fr\/wp-content\/uploads\/2016\/11\/M\u00e9diation-\u00e9quine-1170x338.jpg\",\"width\":1170,\"height\":338,\"caption\":\"equitherapie\"},{\"@type\":\"BreadcrumbList\",\"@id\":\"https:\/\/equitherapie-bourgogne.fr\/index.php\/therapie-avec-le-cheval\/equitherapie\/#breadcrumb\",\"itemListElement\":[{\"@type\":\"ListItem\",\"position\":1,\"name\":\"Accueil\",\"item\":\"https:\/\/equitherapie-bourgogne.fr\/\"},{\"@type\":\"ListItem\",\"position\":2,\"name\":\"Equith\u00e9rapie\",\"item\":\"https:\/\/equitherapie-bourgogne.fr\/index.php\/therapie-avec-le-cheval\/\"},{\"@type\":\"ListItem\",\"position\":3,\"name\":\"Equith\u00e9rapie\"}]},{\"@type\":\"WebSite\",\"@id\":\"https:\/\/equitherapie-bourgogne.fr\/#website\",\"url\":\"https:\/\/equitherapie-bourgogne.fr\/\",\"name\":\"A Cheval sur Soi\",\"description\":\"CENTRE \u00c9QUESTRE TRANSDISCIPLINAIRE\",\"potentialAction\":[{\"@type\":\"SearchAction\",\"target\":{\"@type\":\"EntryPoint\",\"urlTemplate\":\"https:\/\/equitherapie-bourgogne.fr\/?s={search_term_string}\"},\"query-input\":{\"@type\":\"PropertyValueSpecification\",\"valueRequired\":true,\"valueName\":\"search_term_string\"}}],\"inLanguage\":\"fr-FR\"}]}<\/script>\n<!-- \/ Yoast SEO plugin. -->","yoast_head_json":{"title":"l'equitherapie est l'activit\u00e9 centrale cu centre \u00e9questre du Morvan \"A Cheval Sur Soi\"","description":"L'equitherapie d\u00e9signe est inclue dans la m\u00e9diation animale et m\u00e9diation \u00e9quine. Sp\u00e9cialisations : \u00e9quitation adapt\u00e9, hippoth\u00e9rapie, \u00e9quicie","robots":{"index":"index","follow":"follow","max-snippet":"max-snippet:-1","max-image-preview":"max-image-preview:large","max-video-preview":"max-video-preview:-1"},"canonical":"https:\/\/equitherapie-bourgogne.fr\/index.php\/therapie-avec-le-cheval\/equitherapie\/","og_locale":"fr_FR","og_type":"article","og_title":"l'equitherapie est l'activit\u00e9 centrale cu centre \u00e9questre du Morvan \"A Cheval Sur Soi\"","og_description":"L'equitherapie d\u00e9signe est inclue dans la m\u00e9diation animale et m\u00e9diation \u00e9quine. Sp\u00e9cialisations : \u00e9quitation adapt\u00e9, hippoth\u00e9rapie, \u00e9quicie","og_url":"https:\/\/equitherapie-bourgogne.fr\/index.php\/therapie-avec-le-cheval\/equitherapie\/","og_site_name":"A Cheval sur Soi","article_modified_time":"2017-05-12T21:15:57+00:00","og_image":[{"width":1170,"height":338,"url":"https:\/\/equitherapie-bourgogne.fr\/wp-content\/uploads\/2016\/11\/M\u00e9diation-\u00e9quine-1170x338.jpg","type":"image\/jpeg"}],"twitter_card":"summary_large_image","schema":{"@context":"https:\/\/schema.org","@graph":[{"@type":"WebPage","@id":"https:\/\/equitherapie-bourgogne.fr\/index.php\/therapie-avec-le-cheval\/equitherapie\/","url":"https:\/\/equitherapie-bourgogne.fr\/index.php\/therapie-avec-le-cheval\/equitherapie\/","name":"l'equitherapie est l'activit\u00e9 centrale cu centre \u00e9questre du Morvan \"A Cheval Sur Soi\"","isPartOf":{"@id":"https:\/\/equitherapie-bourgogne.fr\/#website"},"primaryImageOfPage":{"@id":"https:\/\/equitherapie-bourgogne.fr\/index.php\/therapie-avec-le-cheval\/equitherapie\/#primaryimage"},"image":{"@id":"https:\/\/equitherapie-bourgogne.fr\/index.php\/therapie-avec-le-cheval\/equitherapie\/#primaryimage"},"thumbnailUrl":"https:\/\/equitherapie-bourgogne.fr\/wp-content\/uploads\/2016\/11\/M\u00e9diation-\u00e9quine-1170x338.jpg","datePublished":"2016-11-03T05:38:33+00:00","dateModified":"2017-05-12T21:15:57+00:00","description":"L'equitherapie d\u00e9signe est inclue dans la m\u00e9diation animale et m\u00e9diation \u00e9quine. Sp\u00e9cialisations : \u00e9quitation adapt\u00e9, hippoth\u00e9rapie, \u00e9quicie","breadcrumb":{"@id":"https:\/\/equitherapie-bourgogne.fr\/index.php\/therapie-avec-le-cheval\/equitherapie\/#breadcrumb"},"inLanguage":"fr-FR","potentialAction":[{"@type":"ReadAction","target":["https:\/\/equitherapie-bourgogne.fr\/index.php\/therapie-avec-le-cheval\/equitherapie\/"]}]},{"@type":"ImageObject","inLanguage":"fr-FR","@id":"https:\/\/equitherapie-bourgogne.fr\/index.php\/therapie-avec-le-cheval\/equitherapie\/#primaryimage","url":"https:\/\/equitherapie-bourgogne.fr\/wp-content\/uploads\/2016\/11\/M\u00e9diation-\u00e9quine-1170x338.jpg","contentUrl":"https:\/\/equitherapie-bourgogne.fr\/wp-content\/uploads\/2016\/11\/M\u00e9diation-\u00e9quine-1170x338.jpg","width":1170,"height":338,"caption":"equitherapie"},{"@type":"BreadcrumbList","@id":"https:\/\/equitherapie-bourgogne.fr\/index.php\/therapie-avec-le-cheval\/equitherapie\/#breadcrumb","itemListElement":[{"@type":"ListItem","position":1,"name":"Accueil","item":"https:\/\/equitherapie-bourgogne.fr\/"},{"@type":"ListItem","position":2,"name":"Equith\u00e9rapie","item":"https:\/\/equitherapie-bourgogne.fr\/index.php\/therapie-avec-le-cheval\/"},{"@type":"ListItem","position":3,"name":"Equith\u00e9rapie"}]},{"@type":"WebSite","@id":"https:\/\/equitherapie-bourgogne.fr\/#website","url":"https:\/\/equitherapie-bourgogne.fr\/","name":"A Cheval sur Soi","description":"CENTRE \u00c9QUESTRE TRANSDISCIPLINAIRE","potentialAction":[{"@type":"SearchAction","target":{"@type":"EntryPoint","urlTemplate":"https:\/\/equitherapie-bourgogne.fr\/?s={search_term_string}"},"query-input":{"@type":"PropertyValueSpecification","valueRequired":true,"valueName":"search_term_string"}}],"inLanguage":"fr-FR"}]}},"_links":{"self":[{"href":"https:\/\/equitherapie-bourgogne.fr\/index.php\/wp-json\/wp\/v2\/pages\/108","targetHints":{"allow":["GET"]}}],"collection":[{"href":"https:\/\/equitherapie-bourgogne.fr\/index.php\/wp-json\/wp\/v2\/pages"}],"about":[{"href":"https:\/\/equitherapie-bourgogne.fr\/index.php\/wp-json\/wp\/v2\/types\/page"}],"author":[{"embeddable":true,"href":"https:\/\/equitherapie-bourgogne.fr\/index.php\/wp-json\/wp\/v2\/users\/1"}],"replies":[{"embeddable":true,"href":"https:\/\/equitherapie-bourgogne.fr\/index.php\/wp-json\/wp\/v2\/comments?post=108"}],"version-history":[{"count":9,"href":"https:\/\/equitherapie-bourgogne.fr\/index.php\/wp-json\/wp\/v2\/pages\/108\/revisions"}],"predecessor-version":[{"id":163,"href":"https:\/\/equitherapie-bourgogne.fr\/index.php\/wp-json\/wp\/v2\/pages\/108\/revisions\/163"}],"up":[{"embeddable":true,"href":"https:\/\/equitherapie-bourgogne.fr\/index.php\/wp-json\/wp\/v2\/pages\/17"}],"wp:featuredmedia":[{"embeddable":true,"href":"https:\/\/equitherapie-bourgogne.fr\/index.php\/wp-json\/wp\/v2\/media\/455"}],"wp:attachment":[{"href":"https:\/\/equitherapie-bourgogne.fr\/index.php\/wp-json\/wp\/v2\/media?parent=108"}],"curies":[{"name":"wp","href":"https:\/\/api.w.org\/{rel}","templated":true}]}}